{"id":523,"date":"2024-11-05T09:52:24","date_gmt":"2024-11-05T08:52:24","guid":{"rendered":"http:\/\/hei.fede.education\/home-2\/"},"modified":"2026-04-16T14:17:50","modified_gmt":"2026-04-16T12:17:50","slug":"home-2","status":"publish","type":"page","link":"https:\/\/humanrights.fede.education\/en\/","title":{"rendered":"Home"},"content":{"rendered":"<div class=\"wp-block-uagb-container uagb-block-a3c24ae5 alignfull uagb-is-root-container\"><div class=\"uagb-container-inner-blocks-wrap\">\n<div class=\"wp-block-uagb-container uagb-block-2ccf04d8\">\n<div class=\"wp-block-uagb-icon-list uagb-block-f8f334dc\"><div class=\"uagb-icon-list__wrap\">\n<div class=\"wp-block-uagb-icon-list-child uagb-block-4620b697\"><a target=\"_self\" aria-label=\"THE FEDE PRESENTS:\" rel=\"noopener noreferrer\" href=\"#\"> <\/a><span class=\"uagb-icon-list__source-wrap\"><svg xmlns=\"https:\/\/www.w3.org\/2000\/svg\" viewbox=\"0 0 512 512\"><path d=\"M512 256C512 397.4 397.4 512 256 512C114.6 512 0 397.4 0 256C0 114.6 114.6 0 256 0C397.4 0 512 114.6 512 256z\"><\/path><\/svg><\/span><span class=\"uagb-icon-list__label\">THE FEDE PRESENTS:<\/span><\/div>\n<\/div><\/div>\n\n\n\n<div class=\"wp-block-uagb-info-box uagb-block-e9e1111f uagb-infobox__content-wrap  uagb-infobox-icon-above-title uagb-infobox-image-valign-top\"><div class=\"uagb-ifb-content\"><div class=\"uagb-ifb-title-wrap\"><h1 class=\"uagb-ifb-title\">> PRIX DROITS HUMAINS <br>LABEL CIVIC HEI<\/h1><\/div><\/div><\/div>\n<\/div>\n\n\n\n<div class=\"wp-block-uagb-container uagb-block-3ed31ccc\"><div class=\"uagb-container__video-wrap\"><video autoplay loop muted playsinline><source src=\"http:\/\/humanrights.fede.education\/wp-content\/uploads\/2024\/11\/1104079_1080p_Laugh_1280x720-1.mp4\" type=\"video\/mp4\"\/><\/video><\/div><\/div>\n<\/div><\/div>\n\n\n\n<div class=\"wp-block-uagb-container uagb-block-c82e31c4 alignfull uagb-is-root-container\"><div class=\"uagb-container-inner-blocks-wrap\">\n<div class=\"wp-block-columns is-layout-flex wp-container-core-columns-is-layout-28f84493 wp-block-columns-is-layout-flex\">\n<div class=\"wp-block-column is-layout-flow wp-block-column-is-layout-flow\" style=\"flex-basis:33.33%\">\n<div class=\"wp-block-uagb-image aligncenter uagb-block-431f02f6 wp-block-uagb-image--layout-default wp-block-uagb-image--effect-static wp-block-uagb-image--align-center\"><figure class=\"wp-block-uagb-image__figure\"><img decoding=\"async\" srcset=\"https:\/\/humanrights.fede.education\/wp-content\/uploads\/2024\/11\/claude_hei.png ,https:\/\/humanrights.fede.education\/wp-content\/uploads\/2024\/11\/claude_hei.png 780w, https:\/\/humanrights.fede.education\/wp-content\/uploads\/2024\/11\/claude_hei.png 360w\" sizes=\"auto, (max-width: 480px) 150px\" src=\"https:\/\/humanrights.fede.education\/wp-content\/uploads\/2024\/11\/claude_hei.png\" alt=\"\" class=\"uag-image-1717\" width=\"289\" height=\"361\" title=\"claude_hei\" loading=\"lazy\" role=\"img\"\/><\/figure><\/div>\n\n\n\n<p class=\"has-text-align-center\"><strong>Claude Vivier Le Got, Chairwoman of the FEDE<\/strong><\/p>\n<\/div>\n\n\n\n<div class=\"wp-block-column is-layout-flow wp-block-column-is-layout-flow\" style=\"flex-basis:66.66%\">      \n\t\t\t<div class=\"uagb-icon-wrapper uagb-block-c44395da\"\n\t\t\tstyle=\"\" >\n\t\t\t\t\t\t\t\t\t<span class=\"uagb-svg-wrapper\" \n\t\t\t\t\t aria-label=\"quote-left\"\t\t\t\t\ttabindex=\"0\">\t\t\n\t\t\t\t\t\t\t\t\t\t<svg xmlns=\"https:\/\/www.w3.org\/2000\/svg\" viewbox= \"0 0 448 512\" role=\"graphics-symbol\" aria-hidden=\"false\" aria-label=\"\"><path d=\"M96 224C84.72 224 74.05 226.3 64 229.9V224c0-35.3 28.7-64 64-64c17.67 0 32-14.33 32-32S145.7 96 128 96C57.42 96 0 153.4 0 224v96c0 53.02 42.98 96 96 96s96-42.98 96-96S149 224 96 224zM352 224c-11.28 0-21.95 2.305-32 5.879V224c0-35.3 28.7-64 64-64c17.67 0 32-14.33 32-32s-14.33-32-32-32c-70.58 0-128 57.42-128 128v96c0 53.02 42.98 96 96 96s96-42.98 96-96S405 224 352 224z\"><\/path><\/svg>\n\t\t\t\t\t\t\t\t\t<\/span>\n\t\t\t\t\t\t\t<\/div>\n\t\t\t\n\n\n<p>We consider the defense and promotion of human rights to be a core part of our commitment. All of our research, all of our teaching materials, all of our actions and all of our training courses are designed around the challenges of citizenship, democracy and human rights. <\/p>\n\n\n\n<p>We hope that these values inspire all of our learning paths because we are convinced that they enhance the quality of teaching and contribute to the challenge of better living together. By sharing these values with our international community of close to 300,000 people, we are ensuring that we will train a generation of ambassadors of the ideals of progress; protectors, defenders and promoters of these founding principles<\/p>\n\n\n      \n\t\t\t<div class=\"uagb-icon-wrapper uagb-block-0a9c8c40\"\n\t\t\tstyle=\"\" >\n\t\t\t\t\t\t\t\t\t<span class=\"uagb-svg-wrapper\" \n\t\t\t\t\t aria-label=\"quote-right\"\t\t\t\t\ttabindex=\"0\">\t\t\n\t\t\t\t\t\t\t\t\t\t<svg xmlns=\"https:\/\/www.w3.org\/2000\/svg\" viewbox= \"0 0 448 512\" role=\"graphics-symbol\" aria-hidden=\"false\" aria-label=\"\"><path d=\"M96 96C42.98 96 0 138.1 0 192s42.98 96 96 96c11.28 0 21.95-2.305 32-5.879V288c0 35.3-28.7 64-64 64c-17.67 0-32 14.33-32 32s14.33 32 32 32c70.58 0 128-57.42 128-128V192C192 138.1 149 96 96 96zM448 192c0-53.02-42.98-96-96-96s-96 42.98-96 96s42.98 96 96 96c11.28 0 21.95-2.305 32-5.879V288c0 35.3-28.7 64-64 64c-17.67 0-32 14.33-32 32s14.33 32 32 32c70.58 0 128-57.42 128-128V192z\"><\/path><\/svg>\n\t\t\t\t\t\t\t\t\t<\/span>\n\t\t\t\t\t\t\t<\/div>\n\t\t\t<\/div>\n<\/div>\n<\/div><\/div>\n\n\n\n<div class=\"wp-block-uagb-container uagb-block-kigvczzv default uagb-is-root-container\">\n<div class=\"wp-block-uagb-container uagb-block-aspbxkx4\">\n<div class=\"wp-block-uagb-container uagb-block-2ucazxnb\">\n<div class=\"wp-block-uagb-image alignleft uagb-block-7rnocbha wp-block-uagb-image--layout-default wp-block-uagb-image--effect-static wp-block-uagb-image--align-left\"><figure class=\"wp-block-uagb-image__figure\"><img decoding=\"async\" srcset=\"https:\/\/humanrights.fede.education\/wp-content\/uploads\/2024\/11\/plexi-1024x708.jpg ,https:\/\/humanrights.fede.education\/wp-content\/uploads\/2024\/11\/plexi.jpg 780w, https:\/\/humanrights.fede.education\/wp-content\/uploads\/2024\/11\/plexi.jpg 360w\" sizes=\"auto, (max-width: 480px) 150px\" src=\"https:\/\/humanrights.fede.education\/wp-content\/uploads\/2024\/11\/plexi-1024x708.jpg\" alt=\"\" class=\"uag-image-2182\" width=\"600\" height=\"450\" title=\"plexi\" loading=\"lazy\" role=\"img\"\/><\/figure><\/div>\n<\/div>\n\n\n\n<div class=\"wp-block-uagb-container uagb-block-nxq99oxa\">\n<div class=\"wp-block-uagb-info-box uagb-block-fegaa1xf uagb-infobox__content-wrap  uagb-infobox-icon-above-title uagb-infobox-image-valign-top\"><div class=\"uagb-ifb-content\"><div class=\"uagb-ifb-title-wrap\"><p class=\"uagb-ifb-title-prefix\">01<\/p><h3 class=\"uagb-ifb-title\">THE FEDE<\/h3><\/div><p class=\"uagb-ifb-desc\">The FEDE, an International Non-Governmental Organisation (INGO), is a non-profit supranational body with participatory status at the Council of Europe, as well as consultative status with UNESCO, the Organisation internationale de la Francophonie (OIF), and the United Nations Economic and Social Council (ECOSOC). The FEDE integrates the promotion of human rights values into its educational mission.&nbsp;<\/p><\/div><\/div>\n<\/div>\n\n\n\n<div class=\"wp-block-uagb-container uagb-block-ct64sbuc\">\n<div class=\"wp-block-uagb-info-box uagb-block-s2tew5o6 uagb-infobox__content-wrap  uagb-infobox-icon-above-title uagb-infobox-image-valign-top\"><div class=\"uagb-ifb-content\"><div class=\"uagb-ifb-title-wrap\"><p class=\"uagb-ifb-title-prefix\">02<\/p><h3 class=\"uagb-ifb-title\">Our commitment<\/h3><\/div><p class=\"uagb-ifb-desc\">Inspired by the <a href=\"https:\/\/www.un.org\/fr\/universal-declaration-human-rights\/\" target=\"_blank\" rel=\"noreferrer noopener\">Universal Declaration of Human Rights<\/a>, the FEDE is committed to raising awareness of, respecting, and applying human rights across its member institutions. This mission is achieved through the transmission of ideals such as peace, non-discrimination, equality, justice, non-violence, tolerance, openness, and respect for human dignity.&nbsp;<\/p><\/div><\/div>\n<\/div>\n\n\n\n<div class=\"wp-block-uagb-container uagb-block-6qcnb2oq\">\n<div class=\"wp-block-uagb-image alignleft uagb-block-a8r3jxhx wp-block-uagb-image--layout-default wp-block-uagb-image--effect-static wp-block-uagb-image--align-left\"><figure class=\"wp-block-uagb-image__figure\"><img decoding=\"async\" srcset=\"https:\/\/humanrights.fede.education\/wp-content\/uploads\/2024\/11\/hardcover-book.png ,https:\/\/humanrights.fede.education\/wp-content\/uploads\/2024\/11\/hardcover-book.png 780w, https:\/\/humanrights.fede.education\/wp-content\/uploads\/2024\/11\/hardcover-book.png 360w\" sizes=\"auto, (max-width: 480px) 150px\" src=\"https:\/\/humanrights.fede.education\/wp-content\/uploads\/2024\/11\/hardcover-book.png\" alt=\"\" class=\"uag-image-2181\" width=\"600\" height=\"450\" title=\"hardcover-book\" loading=\"lazy\" role=\"img\"\/><\/figure><\/div>\n<\/div>\n<\/div>\n<\/div>\n\n\n\n<div class=\"wp-block-uagb-container uagb-block-93ac0160 alignfull uagb-is-root-container\"><div class=\"uagb-container__shape uagb-container__shape-bottom uagb-container__invert\" data-negative=\"false\"><svg xmlns=\"https:\/\/www.w3.org\/2000\/svg\" viewbox=\"0 0 1000 100\" preserveaspectratio=\"none\"><path class=\"uagb-container__shape-fill\" d=\"M421.9,6.5c22.6-2.5,51.5,0.4,75.5,5.3c23.6,4.9,70.9,23.5,100.5,35.7c75.8,32.2,133.7,44.5,192.6,49.7  c23.6,2.1,48.7,3.5,103.4-2.5c54.7-6,106.2-25.6,106.2-25.6V0H0v30.3c0,0,72,32.6,158.4,30.5c39.2-0.7,92.8-6.7,134-22.4  c21.2-8.1,52.2-18.2,79.7-24.2C399.3,7.9,411.6,7.5,421.9,6.5z\"><\/path><\/svg><\/div><div class=\"uagb-container-inner-blocks-wrap\">\n<div class=\"wp-block-uagb-container uagb-block-e797789c\">\n<div class=\"wp-block-uagb-container uagb-block-12b8c061\"><\/div>\n\n\n\n<div class=\"wp-block-uagb-container uagb-block-2fdcb1f6\">\n<div class=\"wp-block-uagb-advanced-heading uagb-block-69451ec1\"><h2 class=\"uagb-heading-text\"><br><strong>The Label Civic HEI<\/strong> FEDE<\/h2><p class=\"uagb-desc-text\"><br>The FEDE is proud to introduce the Civic HEI label, an annual distinction recognising member institutions that actively integrate human rights into their educational programmes. <\/p><\/div>\n\n\n\n<div class=\"wp-block-uagb-container uagb-block-25ae6fd6\">\n<div class=\"wp-block-uagb-icon-list uagb-block-f73aafaf\"><div class=\"uagb-icon-list__wrap\">\n<div class=\"wp-block-uagb-icon-list-child uagb-block-c1e3cf59\"><a target=\"_self\" aria-label=\"Annual recognition for promoting human rights\" rel=\"noopener noreferrer\" href=\"#\"> <\/a><span class=\"uagb-icon-list__source-wrap\"><svg xmlns=\"https:\/\/www.w3.org\/2000\/svg\" viewbox=\"0 0 384 512\"><path d=\"M384 48V512l-192-112L0 512V48C0 21.5 21.5 0 48 0h288C362.5 0 384 21.5 384 48z\"><\/path><\/svg><\/span><span class=\"uagb-icon-list__label\">Annual recognition for promoting human rights<\/span><\/div>\n\n\n\n<div class=\"wp-block-uagb-icon-list-child uagb-block-3c50bf3e\"><a target=\"_self\" aria-label=\"Teaching dedicated to fundamental rights\" rel=\"noopener noreferrer\" href=\"#\"> <\/a><span class=\"uagb-icon-list__source-wrap\"><svg xmlns=\"https:\/\/www.w3.org\/2000\/svg\" viewbox=\"0 0 576 512\"><path d=\"M144.3 32.04C106.9 31.29 63.7 41.44 18.6 61.29c-11.42 5.026-18.6 16.67-18.6 29.15l0 357.6c0 11.55 11.99 19.55 22.45 14.65c126.3-59.14 219.8 11 223.8 14.01C249.1 478.9 252.5 480 256 480c12.4 0 16-11.38 16-15.98V80.04c0-5.203-2.531-10.08-6.781-13.08C263.3 65.58 216.7 33.35 144.3 32.04zM557.4 61.29c-45.11-19.79-88.48-29.61-125.7-29.26c-72.44 1.312-118.1 33.55-120.9 34.92C306.5 69.96 304 74.83 304 80.04v383.1C304 468.4 307.5 480 320 480c3.484 0 6.938-1.125 9.781-3.328c3.925-3.018 97.44-73.16 223.8-14c10.46 4.896 22.45-3.105 22.45-14.65l.0001-357.6C575.1 77.97 568.8 66.31 557.4 61.29z\"><\/path><\/svg><\/span><span class=\"uagb-icon-list__label\">Teaching dedicated to fundamental rights<\/span><\/div>\n<\/div><\/div>\n\n\n\n<div class=\"wp-block-uagb-icon-list uagb-block-daf7b419\"><div class=\"uagb-icon-list__wrap\">\n<div class=\"wp-block-uagb-icon-list-child uagb-block-40d02138\"><a target=\"_self\" aria-label=\"Encouragement of civic engagement\" rel=\"noopener noreferrer\" href=\"#\"> <\/a><span class=\"uagb-icon-list__source-wrap\"><svg xmlns=\"https:\/\/www.w3.org\/2000\/svg\" viewbox=\"0 0 512 512\"><path d=\"M512 256C512 397.4 397.4 512 256 512C114.6 512 0 397.4 0 256C0 114.6 114.6 0 256 0C397.4 0 512 114.6 512 256zM266.3 48.25L232.5 73.6C227.2 77.63 224 83.95 224 90.67V99.72C224 106.5 229.5 112 236.3 112C238.7 112 241.1 111.3 243.1 109.9L284.9 82.06C286.9 80.72 289.3 80 291.7 80H292.7C298.9 80 304 85.07 304 91.31C304 94.31 302.8 97.19 300.7 99.31L280.8 119.2C275 124.1 267.9 129.4 260.2 131.9L233.6 140.8C227.9 142.7 224 148.1 224 154.2C224 157.9 222.5 161.5 219.9 164.1L201.9 182.1C195.6 188.4 192 197.1 192 206.1V210.3C192 226.7 205.6 240 221.9 240C232.9 240 243.1 233.8 248 224L252 215.9C254.5 211.1 259.4 208 264.8 208C269.4 208 273.6 210.1 276.3 213.7L292.6 235.5C294.7 238.3 298.1 240 301.7 240C310.1 240 315.6 231.1 311.8 223.6L310.7 221.3C307.1 214.3 310.7 205.8 318.1 203.3L339.3 196.2C346.9 193.7 352 186.6 352 178.6C352 168.3 360.3 160 370.6 160H400C408.8 160 416 167.2 416 176C416 184.8 408.8 192 400 192H379.3C372.1 192 365.1 194.9 360 200L355.3 204.7C353.2 206.8 352 209.7 352 212.7C352 218.9 357.1 224 363.3 224H374.6C380.6 224 386.4 226.4 390.6 230.6L397.2 237.2C398.1 238.1 400 241.4 400 244C400 246.6 398.1 249 397.2 250.8L389.7 258.3C386 261.1 384 266.9 384 272C384 277.1 386 282 389.7 285.7L408 304C418.2 314.2 432.1 320 446.6 320H453.1C460.5 299.8 464 278.3 464 256C464 144.6 376.4 53.64 266.3 48.25V48.25zM438.4 356.1C434.7 353.5 430.2 352 425.4 352C419.4 352 413.6 349.6 409.4 345.4L395.1 331.1C388.3 324.3 377.9 320 367.1 320C357.4 320 347.9 316.5 340.5 310.2L313.1 287.4C302.4 277.5 287.6 271.1 272.3 271.1H251.4C238.7 271.1 226.4 275.7 215.9 282.7L188.5 301C170.7 312.9 160 332.9 160 354.3V357.5C160 374.5 166.7 390.7 178.7 402.7L194.7 418.7C203.2 427.2 214.7 432 226.7 432H248C261.3 432 272 442.7 272 456C272 458.5 272.4 461 273.1 463.3C344.5 457.5 405.6 415.7 438.4 356.1L438.4 356.1zM164.7 100.7L132.7 132.7C126.4 138.9 126.4 149.1 132.7 155.3C138.9 161.6 149.1 161.6 155.3 155.3L187.3 123.3C193.6 117.1 193.6 106.9 187.3 100.7C181.1 94.44 170.9 94.44 164.7 100.7V100.7z\"><\/path><\/svg><\/span><span class=\"uagb-icon-list__label\">Encouragement of civic engagement<\/span><\/div>\n\n\n\n<div class=\"wp-block-uagb-icon-list-child uagb-block-d544e5e2\"><a target=\"_self\" aria-label=\"Social impact for a fairer society\" rel=\"noopener noreferrer\" href=\"#\"> <\/a><span class=\"uagb-icon-list__source-wrap\"><svg xmlns=\"https:\/\/www.w3.org\/2000\/svg\" viewbox=\"0 0 576 512\"><path d=\"M559.7 392.2l-135.1 99.51C406.9 504.8 385 512 362.1 512H15.1c-8.749 0-15.1-7.246-15.1-15.99l0-95.99c0-8.748 7.25-16.02 15.1-16.02l55.37 .0238l46.5-37.74c20.1-16.1 47.12-26.25 74.12-26.25h159.1c19.5 0 34.87 17.37 31.62 37.37c-2.625 15.75-17.37 26.62-33.37 26.62H271.1c-8.749 0-15.1 7.249-15.1 15.1s7.25 15.1 15.1 15.1h120.6l119.7-88.17c17.8-13.19 42.81-9.342 55.93 8.467C581.3 354.1 577.5 379.1 559.7 392.2z\"><\/path><\/svg><\/span><span class=\"uagb-icon-list__label\">Social impact for a fairer society<\/span><\/div>\n<\/div><\/div>\n<\/div>\n\n\n\n<div class=\"wp-block-uagb-buttons uagb-buttons__outer-wrap uagb-btn__default-btn uagb-btn-tablet__default-btn uagb-btn-mobile__default-btn uagb-block-619a137f\"><div class=\"uagb-buttons__wrap uagb-buttons-layout-wrap\">\n<div class=\"wp-block-uagb-buttons-child uagb-buttons__outer-wrap uagb-block-a1a4684f wp-block-button\"><div class=\"uagb-button__wrapper\"><a class=\"uagb-buttons-repeater wp-block-button__link\" aria-label=\"\" href=\"https:\/\/humanrights.fede.education\/en\/label\/\" rel=\"follow noopener\" target=\"_self\" role=\"button\"><div class=\"uagb-button__link\">LEARN MORE<\/div><\/a><\/div><\/div>\n<\/div><\/div>\n<\/div>\n<\/div>\n<\/div><\/div>\n\n\n\n<div class=\"wp-block-uagb-container uagb-block-c870b2d5 alignfull uagb-is-root-container\"><div class=\"uagb-container-inner-blocks-wrap\">\n<div class=\"wp-block-uagb-info-box uagb-block-526860df uagb-infobox__content-wrap  uagb-infobox-icon-above-title uagb-infobox-image-valign-top\"><div class=\"uagb-ifb-content\"><div class=\"uagb-ifb-title-wrap\"><h6 class=\"uagb-ifb-title-prefix\">Don't wait<\/h6><h2 class=\"uagb-ifb-title\">Participate in the FEDE Human Rights Prize<\/h2><\/div><p class=\"uagb-ifb-desc\"><br><strong>Applications open: October 2026<\/strong><br><strong>Deadline for project submissions: 1 March 2027\u00a0<\/strong><\/p><\/div><\/div>\n<\/div><\/div>","protected":false},"excerpt":{"rendered":"<p>Claude Vivier Le Got, Pr\u00e9sidente de la FEDE Nous pla\u00e7ons la d\u00e9fense et la promotion des droits humains au c\u0153ur de notre engagement. Tous nos travaux de recherche, tous nos supports p\u00e9dagogiques, toutes nos actions et toutes nos formations sont pens\u00e9s autour des enjeux de la citoyennet\u00e9, de la d\u00e9mocratie et des droits humains. Nous [&hellip;]<\/p>\n","protected":false},"author":3,"featured_media":0,"parent":0,"menu_order":0,"comment_status":"closed","ping_status":"closed","template":"","meta":{"_uag_custom_page_level_css":"","site-sidebar-layout":"no-sidebar","site-content-layout":"plain-container","ast-site-content-layout":"full-width-container","site-content-style":"unboxed","site-sidebar-style":"unboxed","ast-global-header-display":"","ast-banner-title-visibility":"","ast-main-header-display":"","ast-hfb-above-header-display":"","ast-hfb-below-header-display":"","ast-hfb-mobile-header-display":"","site-post-title":"disabled","ast-breadcrumbs-content":"","ast-featured-img":"disabled","footer-sml-layout":"","ast-disable-related-posts":"","theme-transparent-header-meta":"enabled","adv-header-id-meta":"","stick-header-meta":"","header-above-stick-meta":"","header-main-stick-meta":"","header-below-stick-meta":"","astra-migrate-meta-layouts":"set","ast-page-background-enabled":"default","ast-page-background-meta":{"desktop":{"background-color":"","background-image":"","background-repeat":"repeat","background-position":"center center","background-size":"auto","background-attachment":"scroll","background-type":"","background-media":"","overlay-type":"","overlay-color":"","overlay-opacity":"","overlay-gradient":""},"tablet":{"background-color":"","background-image":"","background-repeat":"repeat","background-position":"center center","background-size":"auto","background-attachment":"scroll","background-type":"","background-media":"","overlay-type":"","overlay-color":"","overlay-opacity":"","overlay-gradient":""},"mobile":{"background-color":"","background-image":"","background-repeat":"repeat","background-position":"center center","background-size":"auto","background-attachment":"scroll","background-type":"","background-media":"","overlay-type":"","overlay-color":"","overlay-opacity":"","overlay-gradient":""}},"ast-content-background-meta":{"desktop":{"background-color":"var(--ast-global-color-4)","background-image":"","background-repeat":"repeat","background-position":"center center","background-size":"auto","background-attachment":"scroll","background-type":"","background-media":"","overlay-type":"","overlay-color":"","overlay-opacity":"","overlay-gradient":""},"tablet":{"background-color":"var(--ast-global-color-4)","background-image":"","background-repeat":"repeat","background-position":"center center","background-size":"auto","background-attachment":"scroll","background-type":"","background-media":"","overlay-type":"","overlay-color":"","overlay-opacity":"","overlay-gradient":""},"mobile":{"background-color":"var(--ast-global-color-4)","background-image":"","background-repeat":"repeat","background-position":"center center","background-size":"auto","background-attachment":"scroll","background-type":"","background-media":"","overlay-type":"","overlay-color":"","overlay-opacity":"","overlay-gradient":""}},"footnotes":""},"class_list":["post-523","page","type-page","status-publish","hentry"],"uagb_featured_image_src":{"full":false,"thumbnail":false,"medium":false,"medium_large":false,"large":false,"1536x1536":false,"2048x2048":false,"trp-custom-language-flag":false},"uagb_author_info":{"display_name":"Trang BUI","author_link":"https:\/\/humanrights.fede.education\/en\/author\/tbui\/"},"uagb_comment_info":0,"uagb_excerpt":"Claude Vivier Le Got, Pr\u00e9sidente de la FEDE Nous pla\u00e7ons la d\u00e9fense et la promotion des droits humains au c\u0153ur de notre engagement. Tous nos travaux de recherche, tous nos supports p\u00e9dagogiques, toutes nos actions et toutes nos formations sont pens\u00e9s autour des enjeux de la citoyennet\u00e9, de la d\u00e9mocratie et des droits humains. Nous&hellip;","_links":{"self":[{"href":"https:\/\/humanrights.fede.education\/en\/wp-json\/wp\/v2\/pages\/523","targetHints":{"allow":["GET"]}}],"collection":[{"href":"https:\/\/humanrights.fede.education\/en\/wp-json\/wp\/v2\/pages"}],"about":[{"href":"https:\/\/humanrights.fede.education\/en\/wp-json\/wp\/v2\/types\/page"}],"author":[{"embeddable":true,"href":"https:\/\/humanrights.fede.education\/en\/wp-json\/wp\/v2\/users\/3"}],"replies":[{"embeddable":true,"href":"https:\/\/humanrights.fede.education\/en\/wp-json\/wp\/v2\/comments?post=523"}],"version-history":[{"count":70,"href":"https:\/\/humanrights.fede.education\/en\/wp-json\/wp\/v2\/pages\/523\/revisions"}],"predecessor-version":[{"id":2521,"href":"https:\/\/humanrights.fede.education\/en\/wp-json\/wp\/v2\/pages\/523\/revisions\/2521"}],"wp:attachment":[{"href":"https:\/\/humanrights.fede.education\/en\/wp-json\/wp\/v2\/media?parent=523"}],"curies":[{"name":"wp","href":"https:\/\/api.w.org\/{rel}","templated":true}]}}