{"id":517,"date":"2024-11-05T09:52:23","date_gmt":"2024-11-05T08:52:23","guid":{"rendered":"http:\/\/hei.fede.education\/about-2\/"},"modified":"2026-04-16T15:53:21","modified_gmt":"2026-04-16T13:53:21","slug":"jury-et-laureats","status":"publish","type":"page","link":"https:\/\/humanrights.fede.education\/en\/jury-et-laureats\/","title":{"rendered":"Jury and winners"},"content":{"rendered":"<div class=\"wp-block-uagb-container uagb-block-b4d4852f alignfull uagb-is-root-container\"><div class=\"uagb-container-inner-blocks-wrap\">\n<div class=\"wp-block-uagb-advanced-heading uagb-block-c280c150\"><h1 class=\"uagb-heading-text\">Jury &amp; winners<\/h1><p class=\"uagb-desc-text\"><br>The 2025 edition of the Award was a great success, with 36 nominated projects from 13 member institutions in 3 countries (France, Morocco and Sao Tom\u00e9 &amp; Principe).&nbsp;<\/p><\/div>\n\n\n\n<div class=\"wp-block-uagb-container uag-blocks-common-selector uagb-block-15258cdf\"><\/div>\n<\/div><\/div>\n\n\n\n<div class=\"wp-block-uagb-container uag-blocks-common-selector uagb-block-af72996a alignfull uagb-is-root-container\"><div class=\"uagb-container-inner-blocks-wrap\">\n<div class=\"wp-block-uagb-info-box uagb-block-7af0d230 uagb-infobox__content-wrap  uagb-infobox-icon-above-title uagb-infobox-image-valign-top\"><div class=\"uagb-ifb-content\"><div class=\"uagb-ifb-icon-wrap\"><svg xmlns=\"https:\/\/www.w3.org\/2000\/svg\" viewbox=\"0 0 448 512\"><path d=\"M96 224C84.72 224 74.05 226.3 64 229.9V224c0-35.3 28.7-64 64-64c17.67 0 32-14.33 32-32S145.7 96 128 96C57.42 96 0 153.4 0 224v96c0 53.02 42.98 96 96 96s96-42.98 96-96S149 224 96 224zM352 224c-11.28 0-21.95 2.305-32 5.879V224c0-35.3 28.7-64 64-64c17.67 0 32-14.33 32-32s-14.33-32-32-32c-70.58 0-128 57.42-128 128v96c0 53.02 42.98 96 96 96s96-42.98 96-96S405 224 352 224z\"><\/path><\/svg><\/div><div class=\"uagb-ifb-title-wrap\"><h3 class=\"uagb-ifb-title\"><br>\u00ab <strong>Award this prize<\/strong>means sending <strong>a strong message of defending these values <\/strong>within our international network. Faced with our evolving societies, confronted with challenges related to poverty, violence or discrimination, the defense and promotion of human rights have become absolute necessities.\"&nbsp;<\/h3><\/div><div class=\"uagb-ifb-separator\"><\/div><\/div><\/div>\n\n\n\n<div class=\"wp-block-uagb-advanced-heading uagb-block-a3bfa0cb\"><div class=\"uagb-separator\"><\/div><h5 class=\"uagb-heading-text\"><br><strong>Farhang GHASSEMI<\/strong><\/h5><p class=\"uagb-desc-text\">Founder of the Prize and former FEDE Committee Member<\/p><\/div>\n<\/div><\/div>\n\n\n\n<div class=\"wp-block-uagb-separator uagb-block-cae53e1e\"><div class=\"wp-block-uagb-separator__inner\" style=\"--my-background-image:\"><\/div><\/div>\n\n\n\n<div class=\"wp-block-uagb-container uagb-layout-grid uagb-block-c054fe75 alignfull uagb-is-root-container\"><div class=\"uagb-container-inner-blocks-wrap\">\n<div class=\"wp-block-uagb-advanced-heading uagb-block-6d65447b\"><h3 class=\"uagb-heading-text\">Key figures for the 2025 edition<\/h3><\/div>\n\n\n\n<div class=\"wp-block-uagb-counter uagb-block-37411e49 wp-block-uagb-counter--number\"><div class=\"wp-block-uagb-counter__number\"><span class=\"uagb-counter-block-number\" data-duration=\"2\" data-to-value=\"36\" data-from-value=\"0\" data-delimiter=\"\"><\/span><span class=\"uagb-counter-block-suffix\">+<\/span><\/div><div class=\"wp-block-uagb-counter__title\">nominated projects<\/div><\/div>\n\n\n\n<div class=\"wp-block-uagb-counter uagb-block-c21ed361 wp-block-uagb-counter--number\"><div class=\"wp-block-uagb-counter__number\"><span class=\"uagb-counter-block-number\" data-duration=\"2\" data-to-value=\"7\" data-from-value=\"0\" data-delimiter=\"\"><\/span><\/div><div class=\"wp-block-uagb-counter__title\">jurors<\/div><\/div>\n\n\n\n<div class=\"wp-block-uagb-counter uagb-block-ebccdeb8 wp-block-uagb-counter--number\"><div class=\"wp-block-uagb-counter__number\"><span class=\"uagb-counter-block-number\" data-duration=\"2\" data-to-value=\"16\" data-from-value=\"0\" data-delimiter=\"\"><\/span><\/div><div class=\"wp-block-uagb-counter__title\">winning projects<\/div><\/div>\n<\/div><\/div>\n\n\n\n<div class=\"wp-block-uagb-separator uagb-block-1458191f\"><div class=\"wp-block-uagb-separator__inner\" style=\"--my-background-image:\"><\/div><\/div>\n\n\n\n<div class=\"wp-block-uagb-advanced-heading uagb-block-c29c1373\"><h2 class=\"uagb-heading-text\">Winning projects - 2025 edition<\/h2><\/div>\n\n\n\n<div class=\"wp-block-uagb-advanced-heading uagb-block-34567e87\"><h4 class=\"uagb-heading-text\">Category A - solo or duo projects<\/h4><\/div>\n\n\n\n<div class=\"wp-block-uagb-container uagb-block-7c56a737 alignfull uagb-is-root-container\"><div class=\"uagb-container-inner-blocks-wrap\">\n<hr class=\"wp-block-separator has-alpha-channel-opacity is-style-wide\"\/>\n\n\n\n<div class=\"wp-block-columns is-layout-flex wp-container-core-columns-is-layout-ec2e7a44 wp-block-columns-is-layout-flex\" style=\"padding-top:0;padding-bottom:0\">\n<div class=\"wp-block-column is-vertically-aligned-center is-layout-flow wp-block-column-is-layout-flow\" style=\"border-style:none;border-width:0px\">\n<figure class=\"wp-block-image size-full is-resized\"><img loading=\"lazy\" decoding=\"async\" width=\"424\" height=\"238\" src=\"https:\/\/humanrights.fede.education\/wp-content\/uploads\/2025\/04\/ISCA-LOGO.png\" alt=\"\" class=\"wp-image-2331\" style=\"width:257px;height:auto\" srcset=\"https:\/\/humanrights.fede.education\/wp-content\/uploads\/2025\/04\/ISCA-LOGO.png 424w, https:\/\/humanrights.fede.education\/wp-content\/uploads\/2025\/04\/ISCA-LOGO-300x168.png 300w, https:\/\/humanrights.fede.education\/wp-content\/uploads\/2025\/04\/ISCA-LOGO-18x10.png 18w\" sizes=\"auto, (max-width: 424px) 100vw, 424px\" \/><\/figure>\n\n\n\n<p><a href=\"https:\/\/www.isca.ma\/\" target=\"_blank\" rel=\"noreferrer noopener\">https:\/\/www.isca.ma\/<\/a><\/p>\n<\/div>\n\n\n\n<div class=\"wp-block-column is-vertically-aligned-center is-layout-flow wp-block-column-is-layout-flow\" style=\"border-style:none;border-width:0px\">\n<p><strong>2025 \u2013 1st Prize Category A <\/strong>&nbsp;<\/p>\n\n\n\n<p><br>ISCA Rabat \u2013 Morocco<\/p>\n\n\n\n<p><em>The broken flight : <\/em>Short film on migration and gender violence.<\/p>\n<\/div>\n\n\n\n<div class=\"wp-block-column is-layout-flow wp-block-column-is-layout-flow\">\n<figure class=\"wp-block-image size-large\"><a href=\"https:\/\/cdefede.sharepoint.com\/:v:\/s\/CommunicationPdagogie\/EZea2IF30fVCqwbLxj29K1ABF4oEkq6RqXgznnyuPTEkTQ?e=MlMKov\" target=\"_blank\" rel=\" noreferrer noopener\"><img loading=\"lazy\" decoding=\"async\" width=\"1024\" height=\"518\" src=\"https:\/\/humanrights.fede.education\/wp-content\/uploads\/2025\/04\/Projet-23-ISCA-Rabat-Categorie-A_court-metrage-1024x518.jpg\" alt=\"\" class=\"wp-image-2347\" srcset=\"https:\/\/humanrights.fede.education\/wp-content\/uploads\/2025\/04\/Projet-23-ISCA-Rabat-Categorie-A_court-metrage-1024x518.jpg 1024w, https:\/\/humanrights.fede.education\/wp-content\/uploads\/2025\/04\/Projet-23-ISCA-Rabat-Categorie-A_court-metrage-300x152.jpg 300w, https:\/\/humanrights.fede.education\/wp-content\/uploads\/2025\/04\/Projet-23-ISCA-Rabat-Categorie-A_court-metrage-768x388.jpg 768w, https:\/\/humanrights.fede.education\/wp-content\/uploads\/2025\/04\/Projet-23-ISCA-Rabat-Categorie-A_court-metrage-18x9.jpg 18w, https:\/\/humanrights.fede.education\/wp-content\/uploads\/2025\/04\/Projet-23-ISCA-Rabat-Categorie-A_court-metrage.jpg 1064w\" sizes=\"auto, (max-width: 1024px) 100vw, 1024px\" \/><\/a><\/figure>\n\n\n\n<div class=\"wp-block-uagb-info-box uagb-block-8afa07f6 uagb-infobox__content-wrap  uagb-infobox_cta-type-all uagb-infobox-icon-above-title uagb-infobox-image-valign-top\"><a href=\"https:\/\/cdefede.sharepoint.com\/:v:\/s\/CommunicationPdagogie\/EZea2IF30fVCqwbLxj29K1ABF4oEkq6RqXgznnyuPTEkTQ?e=MlMKov\" class=\"uagb-infobox-link-wrap uagb-infbox__link-to-all\" target=\"_blank\" aria-label=\"Infobox Link\" rel=\"noopener noreferrer\" onclick=\"return true;\"><\/a><div class=\"uagb-ifb-content\"><div class=\"uagb-ifb-icon-wrap\"><div class=\"uagb-iconbox-icon-wrap uagb-infobox-shape-circle\"><svg xmlns=\"https:\/\/www.w3.org\/2000\/svg\" viewbox=\"0 0 512 512\"><path d=\"M512 256C512 397.4 397.4 512 256 512C114.6 512 0 397.4 0 256C0 114.6 114.6 0 256 0C397.4 0 512 114.6 512 256zM176 168V344C176 352.7 180.7 360.7 188.3 364.9C195.8 369.2 205.1 369 212.5 364.5L356.5 276.5C363.6 272.1 368 264.4 368 256C368 247.6 363.6 239.9 356.5 235.5L212.5 147.5C205.1 142.1 195.8 142.8 188.3 147.1C180.7 151.3 176 159.3 176 168V168z\"><\/path><\/svg><\/div><\/div><div class=\"uagb-ifb-title-wrap\"><\/div><div class=\"uagb-ifb-button-wrapper wp-block-button\"><\/div><\/div><\/div>\n<\/div>\n<\/div>\n\n\n\n<hr class=\"wp-block-separator has-alpha-channel-opacity is-style-wide\"\/>\n\n\n\n<div class=\"wp-block-columns is-layout-flex wp-container-core-columns-is-layout-ec2e7a44 wp-block-columns-is-layout-flex\" style=\"padding-top:0;padding-bottom:0\">\n<div class=\"wp-block-column is-vertically-aligned-center is-layout-flow wp-block-column-is-layout-flow\" style=\"border-style:none;border-width:0px\">\n<figure class=\"wp-block-image size-full is-resized\"><img loading=\"lazy\" decoding=\"async\" width=\"424\" height=\"238\" src=\"https:\/\/humanrights.fede.education\/wp-content\/uploads\/2025\/04\/ISCA-LOGO-1.png\" alt=\"\" class=\"wp-image-2332\" style=\"width:257px;height:auto\" srcset=\"https:\/\/humanrights.fede.education\/wp-content\/uploads\/2025\/04\/ISCA-LOGO-1.png 424w, https:\/\/humanrights.fede.education\/wp-content\/uploads\/2025\/04\/ISCA-LOGO-1-300x168.png 300w, https:\/\/humanrights.fede.education\/wp-content\/uploads\/2025\/04\/ISCA-LOGO-1-18x10.png 18w\" sizes=\"auto, (max-width: 424px) 100vw, 424px\" \/><\/figure>\n\n\n\n<p class=\"has-text-align-left\"><br><a href=\"https:\/\/www.isca.ma\/\" data-type=\"link\" data-id=\"https:\/\/www.isca.ma\/\" target=\"_blank\" rel=\"noreferrer noopener\">https:\/\/www.isca.ma\/<\/a><\/p>\n<\/div>\n\n\n\n<div class=\"wp-block-column is-vertically-aligned-center is-layout-flow wp-block-column-is-layout-flow\" style=\"border-style:none;border-width:0px\">\n<p><strong>2025 - 2nd Prize Category A <\/strong>:&nbsp;<\/p>\n\n\n\n<p><br>ISCA Rabat \u2013 Morocco<\/p>\n\n\n\n<p><em>At the foot of the tomb : <\/em>Short film on the place of women in society.<\/p>\n<\/div>\n\n\n\n<div class=\"wp-block-column is-layout-flow wp-block-column-is-layout-flow\">\n<figure class=\"wp-block-image size-large\"><a href=\"https:\/\/www.youtube.com\/watch?si=TpC77Ru-KViU0abb&amp;v=rnCx4gLSzCY&amp;feature=youtu.be\"><img loading=\"lazy\" decoding=\"async\" width=\"1024\" height=\"532\" src=\"https:\/\/humanrights.fede.education\/wp-content\/uploads\/2025\/04\/Projet-24-ISCA-Rabat-Categorie-A_Film-1024x532.jpg\" alt=\"\" class=\"wp-image-2348\" srcset=\"https:\/\/humanrights.fede.education\/wp-content\/uploads\/2025\/04\/Projet-24-ISCA-Rabat-Categorie-A_Film-1024x532.jpg 1024w, https:\/\/humanrights.fede.education\/wp-content\/uploads\/2025\/04\/Projet-24-ISCA-Rabat-Categorie-A_Film-300x156.jpg 300w, https:\/\/humanrights.fede.education\/wp-content\/uploads\/2025\/04\/Projet-24-ISCA-Rabat-Categorie-A_Film-768x399.jpg 768w, https:\/\/humanrights.fede.education\/wp-content\/uploads\/2025\/04\/Projet-24-ISCA-Rabat-Categorie-A_Film-18x9.jpg 18w, https:\/\/humanrights.fede.education\/wp-content\/uploads\/2025\/04\/Projet-24-ISCA-Rabat-Categorie-A_Film.jpg 1251w\" sizes=\"auto, (max-width: 1024px) 100vw, 1024px\" \/><\/a><\/figure>\n\n\n\n<div class=\"wp-block-uagb-info-box uagb-block-daea6f4f uagb-infobox__content-wrap  uagb-infobox_cta-type-all uagb-infobox-icon-above-title uagb-infobox-image-valign-top\"><a href=\"https:\/\/www.youtube.com\/watch?si=TpC77Ru-KViU0abb&amp;v=rnCx4gLSzCY&amp;feature=youtu.be\" class=\"uagb-infobox-link-wrap uagb-infbox__link-to-all\" target=\"_blank\" aria-label=\"Infobox Link\" rel=\"noopener noreferrer\" onclick=\"return true;\"><\/a><div class=\"uagb-ifb-content\"><div class=\"uagb-ifb-icon-wrap\"><div class=\"uagb-iconbox-icon-wrap uagb-infobox-shape-circle\"><svg xmlns=\"https:\/\/www.w3.org\/2000\/svg\" viewbox=\"0 0 512 512\"><path d=\"M512 256C512 397.4 397.4 512 256 512C114.6 512 0 397.4 0 256C0 114.6 114.6 0 256 0C397.4 0 512 114.6 512 256zM176 168V344C176 352.7 180.7 360.7 188.3 364.9C195.8 369.2 205.1 369 212.5 364.5L356.5 276.5C363.6 272.1 368 264.4 368 256C368 247.6 363.6 239.9 356.5 235.5L212.5 147.5C205.1 142.1 195.8 142.8 188.3 147.1C180.7 151.3 176 159.3 176 168V168z\"><\/path><\/svg><\/div><\/div><div class=\"uagb-ifb-title-wrap\"><\/div><div class=\"uagb-ifb-button-wrapper wp-block-button\"><\/div><\/div><\/div>\n<\/div>\n<\/div>\n\n\n\n<hr class=\"wp-block-separator has-alpha-channel-opacity is-style-wide\"\/>\n\n\n\n<div class=\"wp-block-columns is-layout-flex wp-container-core-columns-is-layout-28f84493 wp-block-columns-is-layout-flex\">\n<div class=\"wp-block-column is-vertically-aligned-center is-layout-flow wp-block-column-is-layout-flow\" style=\"border-style:none;border-width:0px\">\n<figure class=\"wp-block-image size-full is-resized\"><img loading=\"lazy\" decoding=\"async\" width=\"1024\" height=\"1024\" src=\"https:\/\/humanrights.fede.education\/wp-content\/uploads\/2024\/11\/ibs.webp\" alt=\"\" class=\"wp-image-1787\" style=\"width:156px;height:auto\" srcset=\"https:\/\/humanrights.fede.education\/wp-content\/uploads\/2024\/11\/ibs.webp 1024w, https:\/\/humanrights.fede.education\/wp-content\/uploads\/2024\/11\/ibs-300x300.webp 300w, https:\/\/humanrights.fede.education\/wp-content\/uploads\/2024\/11\/ibs-150x150.webp 150w, https:\/\/humanrights.fede.education\/wp-content\/uploads\/2024\/11\/ibs-768x768.webp 768w\" sizes=\"auto, (max-width: 1024px) 100vw, 1024px\" \/><\/figure>\n\n\n\n<p class=\"has-text-align-left\"><a href=\"http:\/\/ibs-futureducation.com\/\" data-type=\"link\" data-id=\"http:\/\/ibs-futureducation.com\/\" target=\"_blank\" rel=\"noreferrer noopener\">http:\/\/ibs-futureducation.com\/<\/a><\/p>\n<\/div>\n\n\n\n<div class=\"wp-block-column is-vertically-aligned-center is-layout-flow wp-block-column-is-layout-flow\" style=\"border-style:none;border-width:0px\">\n<p><strong>2025 - 3rd Prize Category A <\/strong>:&nbsp;<\/p>\n\n\n\n<p><br>IBS Sao Tom\u00e9 and Principe - Sao Tom\u00e9 and Principe<\/p>\n\n\n\n<p><em>How does the World Biosphere Reserve maintain this sustainable status on the island of Pr\u00edncipe?  What are the challenges ahead?<\/em> Video on the challenges and opportunities of the World Biosphere Reserve on Principe Island.<\/p>\n<\/div>\n\n\n\n<div class=\"wp-block-column is-layout-flow wp-block-column-is-layout-flow\">\n<figure class=\"wp-block-image size-large\"><a href=\"https:\/\/cdefede.sharepoint.com\/:v:\/s\/CommunicationPdagogie\/EQ6IQAuFmmdLgt8A9c5qoCkB4DeEJqxMdjmnjUfCBbnwEA?e=cVj4Xh\"><img loading=\"lazy\" decoding=\"async\" width=\"1024\" height=\"537\" src=\"https:\/\/humanrights.fede.education\/wp-content\/uploads\/2025\/04\/Projet-34-IBS-Sao-Tome-e-Principe-Categorie-A_Video-1024x537.jpg\" alt=\"\" class=\"wp-image-2349\" srcset=\"https:\/\/humanrights.fede.education\/wp-content\/uploads\/2025\/04\/Projet-34-IBS-Sao-Tome-e-Principe-Categorie-A_Video-1024x537.jpg 1024w, https:\/\/humanrights.fede.education\/wp-content\/uploads\/2025\/04\/Projet-34-IBS-Sao-Tome-e-Principe-Categorie-A_Video-300x157.jpg 300w, https:\/\/humanrights.fede.education\/wp-content\/uploads\/2025\/04\/Projet-34-IBS-Sao-Tome-e-Principe-Categorie-A_Video-768x403.jpg 768w, https:\/\/humanrights.fede.education\/wp-content\/uploads\/2025\/04\/Projet-34-IBS-Sao-Tome-e-Principe-Categorie-A_Video-1536x805.jpg 1536w, https:\/\/humanrights.fede.education\/wp-content\/uploads\/2025\/04\/Projet-34-IBS-Sao-Tome-e-Principe-Categorie-A_Video-18x9.jpg 18w, https:\/\/humanrights.fede.education\/wp-content\/uploads\/2025\/04\/Projet-34-IBS-Sao-Tome-e-Principe-Categorie-A_Video.jpg 1883w\" sizes=\"auto, (max-width: 1024px) 100vw, 1024px\" \/><\/a><\/figure>\n\n\n\n<div class=\"wp-block-uagb-info-box uagb-block-dc1872c4 uagb-infobox__content-wrap  uagb-infobox_cta-type-all uagb-infobox-icon-above-title uagb-infobox-image-valign-top\"><a href=\"https:\/\/cdefede.sharepoint.com\/:v:\/s\/CommunicationPdagogie\/EQ6IQAuFmmdLgt8A9c5qoCkB4DeEJqxMdjmnjUfCBbnwEA?e=cVj4Xh\" class=\"uagb-infobox-link-wrap uagb-infbox__link-to-all\" target=\"_blank\" aria-label=\"Infobox Link\" rel=\"noopener noreferrer\" onclick=\"return true;\"><\/a><div class=\"uagb-ifb-content\"><div class=\"uagb-ifb-icon-wrap\"><div class=\"uagb-iconbox-icon-wrap uagb-infobox-shape-circle\"><svg xmlns=\"https:\/\/www.w3.org\/2000\/svg\" viewbox=\"0 0 512 512\"><path d=\"M512 256C512 397.4 397.4 512 256 512C114.6 512 0 397.4 0 256C0 114.6 114.6 0 256 0C397.4 0 512 114.6 512 256zM176 168V344C176 352.7 180.7 360.7 188.3 364.9C195.8 369.2 205.1 369 212.5 364.5L356.5 276.5C363.6 272.1 368 264.4 368 256C368 247.6 363.6 239.9 356.5 235.5L212.5 147.5C205.1 142.1 195.8 142.8 188.3 147.1C180.7 151.3 176 159.3 176 168V168z\"><\/path><\/svg><\/div><\/div><div class=\"uagb-ifb-title-wrap\"><\/div><div class=\"uagb-ifb-button-wrapper wp-block-button\"><\/div><\/div><\/div>\n<\/div>\n<\/div>\n\n\n\n<hr class=\"wp-block-separator has-alpha-channel-opacity is-style-wide\"\/>\n\n\n\n<div class=\"wp-block-columns is-layout-flex wp-container-core-columns-is-layout-28f84493 wp-block-columns-is-layout-flex\">\n<div class=\"wp-block-column is-vertically-aligned-center is-layout-flow wp-block-column-is-layout-flow\" style=\"border-style:none;border-width:0px\">\n<figure class=\"wp-block-image size-full is-resized\"><img loading=\"lazy\" decoding=\"async\" width=\"1024\" height=\"1024\" src=\"https:\/\/humanrights.fede.education\/wp-content\/uploads\/2024\/11\/ibs.webp\" alt=\"\" class=\"wp-image-1787\" style=\"width:156px;height:auto\" srcset=\"https:\/\/humanrights.fede.education\/wp-content\/uploads\/2024\/11\/ibs.webp 1024w, https:\/\/humanrights.fede.education\/wp-content\/uploads\/2024\/11\/ibs-300x300.webp 300w, https:\/\/humanrights.fede.education\/wp-content\/uploads\/2024\/11\/ibs-150x150.webp 150w, https:\/\/humanrights.fede.education\/wp-content\/uploads\/2024\/11\/ibs-768x768.webp 768w\" sizes=\"auto, (max-width: 1024px) 100vw, 1024px\" \/><\/figure>\n\n\n\n<p class=\"has-text-align-left\"><a href=\"http:\/\/ibs-futureducation.com\/\" data-type=\"link\" data-id=\"http:\/\/ibs-futureducation.com\/\" target=\"_blank\" rel=\"noreferrer noopener\">http:\/\/ibs-futureducation.com\/<\/a><\/p>\n<\/div>\n\n\n\n<div class=\"wp-block-column is-vertically-aligned-center is-layout-flow wp-block-column-is-layout-flow\" style=\"border-style:none;border-width:0px\">\n<p><strong>2025 - 4th Prize Category A<\/strong><\/p>\n\n\n\n<p><br>IBS Sao Tom\u00e9 and Principe - Sao Tom\u00e9 and Principe<\/p>\n\n\n\n<p>Written testimony on the defense of human rights in a country under siege and on the brink of civil war in Mozambique.<\/p>\n<\/div>\n\n\n\n<div class=\"wp-block-column is-layout-flow wp-block-column-is-layout-flow\">\n<figure class=\"wp-block-image size-full is-resized\"><a href=\"https:\/\/cdefede.sharepoint.com\/:b:\/s\/CommunicationPdagogie\/EU9nm64L8JFLnGUIYfj_qhwB8pGC0UL5kIc0k6a5Ka9hVg?e=kFEHIm\" target=\"_blank\" rel=\" noreferrer noopener\"><img loading=\"lazy\" decoding=\"async\" width=\"864\" height=\"856\" src=\"https:\/\/humanrights.fede.education\/wp-content\/uploads\/2025\/04\/Projet-16_IBS-Sao-Tome-e-Principe-Categorie-A.jpg\" alt=\"\" class=\"wp-image-2350\" style=\"width:254px;height:auto\" srcset=\"https:\/\/humanrights.fede.education\/wp-content\/uploads\/2025\/04\/Projet-16_IBS-Sao-Tome-e-Principe-Categorie-A.jpg 864w, https:\/\/humanrights.fede.education\/wp-content\/uploads\/2025\/04\/Projet-16_IBS-Sao-Tome-e-Principe-Categorie-A-300x297.jpg 300w, https:\/\/humanrights.fede.education\/wp-content\/uploads\/2025\/04\/Projet-16_IBS-Sao-Tome-e-Principe-Categorie-A-150x150.jpg 150w, https:\/\/humanrights.fede.education\/wp-content\/uploads\/2025\/04\/Projet-16_IBS-Sao-Tome-e-Principe-Categorie-A-768x761.jpg 768w, https:\/\/humanrights.fede.education\/wp-content\/uploads\/2025\/04\/Projet-16_IBS-Sao-Tome-e-Principe-Categorie-A-12x12.jpg 12w\" sizes=\"auto, (max-width: 864px) 100vw, 864px\" \/><\/a><\/figure>\n<\/div>\n<\/div>\n\n\n\n<hr class=\"wp-block-separator has-alpha-channel-opacity is-style-wide\"\/>\n\n\n\n<div class=\"wp-block-columns is-layout-flex wp-container-core-columns-is-layout-28f84493 wp-block-columns-is-layout-flex\">\n<div class=\"wp-block-column is-vertically-aligned-center is-layout-flow wp-block-column-is-layout-flow\" style=\"border-style:none;border-width:0px\">\n<figure class=\"wp-block-image size-full is-resized\"><img loading=\"lazy\" decoding=\"async\" width=\"221\" height=\"90\" src=\"https:\/\/humanrights.fede.education\/wp-content\/uploads\/2025\/01\/fdm.png\" alt=\"\" class=\"wp-image-2295\" style=\"width:306px;height:auto\" srcset=\"https:\/\/humanrights.fede.education\/wp-content\/uploads\/2025\/01\/fdm.png 221w, https:\/\/humanrights.fede.education\/wp-content\/uploads\/2025\/01\/fdm-18x7.png 18w\" sizes=\"auto, (max-width: 221px) 100vw, 221px\" \/><\/figure>\n\n\n\n<p class=\"has-text-align-left\"><br><a href=\"https:\/\/fdm-businessschool.fr\/\" data-type=\"link\" data-id=\"https:\/\/fdm-businessschool.fr\/\" target=\"_blank\" rel=\"noreferrer noopener\">https:\/\/fdm-businessschool.fr\/<\/a><\/p>\n<\/div>\n\n\n\n<div class=\"wp-block-column is-vertically-aligned-center is-layout-flow wp-block-column-is-layout-flow\" style=\"border-style:none;border-width:0px\">\n<p><strong>2025 - 5th Prize Category A<\/strong><\/p>\n\n\n\n<p><br>FDM Business School &#8211; France<br><\/p>\n\n\n\n<p><em>Le nerf de ma paix<\/em> : Visual poem on the right to education<\/p>\n<\/div>\n\n\n\n<div class=\"wp-block-column is-vertically-aligned-center is-layout-flow wp-block-column-is-layout-flow\">\n<figure class=\"wp-block-image size-full is-resized\"><a href=\"https:\/\/cdefede.sharepoint.com\/:i:\/s\/CommunicationPdagogie\/EYaO8JBgFGhHigO8__WSJJMBpe8FHGiMVO_txa2uv9bFUw?e=UWjHbN\"><img loading=\"lazy\" decoding=\"async\" width=\"2560\" height=\"1436\" src=\"https:\/\/humanrights.fede.education\/wp-content\/uploads\/2025\/04\/Projet-27-FDM-Business-School-Categorie-A-scaled.jpg\" alt=\"\" class=\"wp-image-2351\" style=\"width:299px;height:auto\" srcset=\"https:\/\/humanrights.fede.education\/wp-content\/uploads\/2025\/04\/Projet-27-FDM-Business-School-Categorie-A-scaled.jpg 2560w, https:\/\/humanrights.fede.education\/wp-content\/uploads\/2025\/04\/Projet-27-FDM-Business-School-Categorie-A-300x168.jpg 300w, https:\/\/humanrights.fede.education\/wp-content\/uploads\/2025\/04\/Projet-27-FDM-Business-School-Categorie-A-1024x574.jpg 1024w, https:\/\/humanrights.fede.education\/wp-content\/uploads\/2025\/04\/Projet-27-FDM-Business-School-Categorie-A-768x431.jpg 768w, https:\/\/humanrights.fede.education\/wp-content\/uploads\/2025\/04\/Projet-27-FDM-Business-School-Categorie-A-1536x861.jpg 1536w, https:\/\/humanrights.fede.education\/wp-content\/uploads\/2025\/04\/Projet-27-FDM-Business-School-Categorie-A-2048x1148.jpg 2048w, https:\/\/humanrights.fede.education\/wp-content\/uploads\/2025\/04\/Projet-27-FDM-Business-School-Categorie-A-18x10.jpg 18w\" sizes=\"auto, (max-width: 2560px) 100vw, 2560px\" \/><\/a><\/figure>\n<\/div>\n<\/div>\n\n\n\n<hr class=\"wp-block-separator has-alpha-channel-opacity is-style-wide\"\/>\n\n\n\n<div class=\"wp-block-columns is-layout-flex wp-container-core-columns-is-layout-28f84493 wp-block-columns-is-layout-flex\">\n<div class=\"wp-block-column is-vertically-aligned-center is-layout-flow wp-block-column-is-layout-flow\" style=\"border-style:none;border-width:0px\">\n<figure class=\"wp-block-image size-full is-resized\"><img loading=\"lazy\" decoding=\"async\" width=\"424\" height=\"238\" src=\"https:\/\/humanrights.fede.education\/wp-content\/uploads\/2025\/04\/LOGO-Next-U-Education.png\" alt=\"\" class=\"wp-image-2335\" style=\"width:242px;height:auto\" srcset=\"https:\/\/humanrights.fede.education\/wp-content\/uploads\/2025\/04\/LOGO-Next-U-Education.png 424w, https:\/\/humanrights.fede.education\/wp-content\/uploads\/2025\/04\/LOGO-Next-U-Education-300x168.png 300w, https:\/\/humanrights.fede.education\/wp-content\/uploads\/2025\/04\/LOGO-Next-U-Education-18x10.png 18w\" sizes=\"auto, (max-width: 424px) 100vw, 424px\" \/><\/figure>\n\n\n\n<p class=\"has-text-align-left\"><a href=\"https:\/\/next-u.eu\/\" target=\"_blank\" rel=\"noreferrer noopener\">https:\/\/next-u.eu\/<\/a><\/p>\n<\/div>\n\n\n\n<div class=\"wp-block-column is-vertically-aligned-center is-layout-flow wp-block-column-is-layout-flow\" style=\"border-style:none;border-width:0px\">\n<p><strong>2025 - 6th Prize Category A<\/strong> <\/p>\n\n\n\n<p><br>ESCEN \/ NEXT-U &#8211; France<\/p>\n\n\n\n<p><a href=\"http:\/\/fdm-businessschool.fr\/\"><\/a><a href=\"http:\/\/fdm-businessschool.fr\/\"><\/a><br><em>Equal opportunities for all<\/em> : Equal opportunity poster<\/p>\n<\/div>\n\n\n\n<div class=\"wp-block-column is-vertically-aligned-center is-layout-flow wp-block-column-is-layout-flow\">\n<figure class=\"wp-block-image size-large is-resized\"><a href=\"https:\/\/cdefede.sharepoint.com\/:b:\/s\/CommunicationPdagogie\/EXPRihxwnv9GtTsvR_GJHbsB-uIVcuRxegjM_TpzMCKYyA?e=iiQJFE\" target=\"_blank\" rel=\" noreferrer noopener\"><img loading=\"lazy\" decoding=\"async\" width=\"1024\" height=\"816\" src=\"https:\/\/humanrights.fede.education\/wp-content\/uploads\/2025\/04\/Projet-20-ESCEN-Next-U-Categorie-A-1024x816.jpg\" alt=\"\" class=\"wp-image-2355\" style=\"width:316px;height:auto\" srcset=\"https:\/\/humanrights.fede.education\/wp-content\/uploads\/2025\/04\/Projet-20-ESCEN-Next-U-Categorie-A-1024x816.jpg 1024w, https:\/\/humanrights.fede.education\/wp-content\/uploads\/2025\/04\/Projet-20-ESCEN-Next-U-Categorie-A-300x239.jpg 300w, https:\/\/humanrights.fede.education\/wp-content\/uploads\/2025\/04\/Projet-20-ESCEN-Next-U-Categorie-A-768x612.jpg 768w, https:\/\/humanrights.fede.education\/wp-content\/uploads\/2025\/04\/Projet-20-ESCEN-Next-U-Categorie-A-15x12.jpg 15w, https:\/\/humanrights.fede.education\/wp-content\/uploads\/2025\/04\/Projet-20-ESCEN-Next-U-Categorie-A.jpg 1127w\" sizes=\"auto, (max-width: 1024px) 100vw, 1024px\" \/><\/a><\/figure>\n<\/div>\n<\/div>\n\n\n\n<div class=\"wp-block-uagb-advanced-heading uagb-block-ec801e39\"><h4 class=\"uagb-heading-text\">Category B - projects with 3 or more students <\/h4><\/div>\n\n\n\n<div class=\"wp-block-columns is-layout-flex wp-container-core-columns-is-layout-28f84493 wp-block-columns-is-layout-flex\">\n<div class=\"wp-block-column is-vertically-aligned-center is-layout-flow wp-block-column-is-layout-flow\" style=\"border-style:none;border-width:0px\">\n<figure class=\"wp-block-image size-full is-resized\"><img loading=\"lazy\" decoding=\"async\" width=\"424\" height=\"238\" src=\"https:\/\/humanrights.fede.education\/wp-content\/uploads\/2025\/04\/supecolidaire-LOGO.png\" alt=\"\" class=\"wp-image-2337\" style=\"width:271px;height:auto\" srcset=\"https:\/\/humanrights.fede.education\/wp-content\/uploads\/2025\/04\/supecolidaire-LOGO.png 424w, https:\/\/humanrights.fede.education\/wp-content\/uploads\/2025\/04\/supecolidaire-LOGO-300x168.png 300w, https:\/\/humanrights.fede.education\/wp-content\/uploads\/2025\/04\/supecolidaire-LOGO-18x10.png 18w\" sizes=\"auto, (max-width: 424px) 100vw, 424px\" \/><\/figure>\n\n\n\n<p class=\"has-text-align-left\"><br><a href=\"https:\/\/supecolidaire.com\/\" data-type=\"link\" data-id=\"https:\/\/supecolidaire.com\/\" target=\"_blank\" rel=\"noreferrer noopener\">https:\/\/supecolidaire.com\/<\/a><\/p>\n<\/div>\n\n\n\n<div class=\"wp-block-column is-vertically-aligned-center is-layout-flow wp-block-column-is-layout-flow\" style=\"border-style:none;border-width:0px\">\n<p><strong>2025 \u2013 1st Prize ex-aequo Category B<\/strong><\/p>\n\n\n\n<p><br>Sup&rsquo;\u00e9colidaire \u2013 France <br><\/p>\n\n\n\n<p><em>The price of peace<\/em> Dystopian trailer on the defence of human rights<\/p>\n<\/div>\n\n\n\n<div class=\"wp-block-column is-vertically-aligned-center is-layout-flow wp-block-column-is-layout-flow\">\n<figure class=\"wp-block-image size-large\"><a href=\"https:\/\/cdefede.sharepoint.com\/:v:\/s\/CommunicationPdagogie\/EaRtyqMg7mdOteJKNysiITIB54zP_ZmJXI0WQHkqIl5MuA?e=d5lOmf\"><img loading=\"lazy\" decoding=\"async\" width=\"1024\" height=\"483\" src=\"https:\/\/humanrights.fede.education\/wp-content\/uploads\/2025\/04\/Projet-29-Sup-ecolidaire-Categorie-B_Video-1024x483.jpg\" alt=\"\" class=\"wp-image-2364\" srcset=\"https:\/\/humanrights.fede.education\/wp-content\/uploads\/2025\/04\/Projet-29-Sup-ecolidaire-Categorie-B_Video-1024x483.jpg 1024w, https:\/\/humanrights.fede.education\/wp-content\/uploads\/2025\/04\/Projet-29-Sup-ecolidaire-Categorie-B_Video-300x141.jpg 300w, https:\/\/humanrights.fede.education\/wp-content\/uploads\/2025\/04\/Projet-29-Sup-ecolidaire-Categorie-B_Video-768x362.jpg 768w, https:\/\/humanrights.fede.education\/wp-content\/uploads\/2025\/04\/Projet-29-Sup-ecolidaire-Categorie-B_Video-18x8.jpg 18w, https:\/\/humanrights.fede.education\/wp-content\/uploads\/2025\/04\/Projet-29-Sup-ecolidaire-Categorie-B_Video.jpg 1041w\" sizes=\"auto, (max-width: 1024px) 100vw, 1024px\" \/><\/a><\/figure>\n\n\n      \n\t\t\t<div class=\"uagb-icon-wrapper uagb-block-b8b49be2\"\n\t\t\tstyle=\"\" >\n\t\t\t\t\t\t\t\t\t<span class=\"uagb-svg-wrapper\" \n\t\t\t\t\t aria-label=\"circle-play\"\t\t\t\t\ttabindex=\"0\">\t\t\n\t\t\t\t\t\t\t\t\t\t<a rel=\"noopener noreferrer\" href=\"https:\/\/cdefede.sharepoint.com\/:v:\/s\/CommunicationPdagogie\/EaRtyqMg7mdOteJKNysiITIB54zP_ZmJXI0WQHkqIl5MuA?e=d5lOmf\" target=\"_blank\"><svg xmlns=\"https:\/\/www.w3.org\/2000\/svg\" viewbox= \"0 0 512 512\" role=\"graphics-symbol\" aria-hidden=\"false\" aria-label=\"\"><path d=\"M512 256C512 397.4 397.4 512 256 512C114.6 512 0 397.4 0 256C0 114.6 114.6 0 256 0C397.4 0 512 114.6 512 256zM176 168V344C176 352.7 180.7 360.7 188.3 364.9C195.8 369.2 205.1 369 212.5 364.5L356.5 276.5C363.6 272.1 368 264.4 368 256C368 247.6 363.6 239.9 356.5 235.5L212.5 147.5C205.1 142.1 195.8 142.8 188.3 147.1C180.7 151.3 176 159.3 176 168V168z\"><\/path><\/svg><\/a>\n\t\t\t\t\t\t\t\t\t<\/span>\n\t\t\t\t\t\t\t<\/div>\n\t\t\t<\/div>\n<\/div>\n\n\n\n<hr class=\"wp-block-separator has-alpha-channel-opacity is-style-wide\"\/>\n\n\n\n<div class=\"wp-block-columns is-layout-flex wp-container-core-columns-is-layout-28f84493 wp-block-columns-is-layout-flex\">\n<div class=\"wp-block-column is-vertically-aligned-center is-layout-flow wp-block-column-is-layout-flow\" style=\"border-style:none;border-width:0px\">\n<figure class=\"wp-block-image size-full is-resized\"><img loading=\"lazy\" decoding=\"async\" width=\"348\" height=\"130\" src=\"https:\/\/humanrights.fede.education\/wp-content\/uploads\/2025\/04\/KEDI-FORMATION-LOGO.png\" alt=\"\" class=\"wp-image-2339\" style=\"width:233px;height:auto\" srcset=\"https:\/\/humanrights.fede.education\/wp-content\/uploads\/2025\/04\/KEDI-FORMATION-LOGO.png 348w, https:\/\/humanrights.fede.education\/wp-content\/uploads\/2025\/04\/KEDI-FORMATION-LOGO-300x112.png 300w, https:\/\/humanrights.fede.education\/wp-content\/uploads\/2025\/04\/KEDI-FORMATION-LOGO-18x7.png 18w\" sizes=\"auto, (max-width: 348px) 100vw, 348px\" \/><\/figure>\n\n\n\n<p class=\"has-text-align-left\"><br><a href=\"https:\/\/www.kedi-formation.fr\/\" data-type=\"link\" data-id=\"https:\/\/www.kedi-formation.fr\/\" target=\"_blank\" rel=\"noreferrer noopener\">https:\/\/www.kedi-formation.fr\/<\/a><\/p>\n<\/div>\n\n\n\n<div class=\"wp-block-column is-vertically-aligned-center is-layout-flow wp-block-column-is-layout-flow\" style=\"border-style:none;border-width:0px\">\n<p><strong>2025 \u2013 1st Prize ex-aequo<\/strong> <strong>Category B<\/strong><\/p>\n\n\n\n<p><br>KEDI Mulhouse \u2013 France <br><\/p>\n\n\n\n<p><em>Together, let's build a welcoming environment: Acting locally to integrate immigrants. Creation of the \u20187 for Humanity\u2019 association<\/em>\u00a0: Social actions and video on immigration<\/p>\n<\/div>\n\n\n\n<div class=\"wp-block-column is-vertically-aligned-center is-layout-flow wp-block-column-is-layout-flow\">\n<figure class=\"wp-block-image size-large\"><a href=\"https:\/\/cdefede.sharepoint.com\/:v:\/s\/CommunicationPdagogie\/EcKgT4HF_ihGjhdPC3JgnNQB09zvpKvEDF-DbVBfatQqVA?e=nTMrjo\" target=\"_blank\" rel=\" noreferrer noopener\"><img loading=\"lazy\" decoding=\"async\" width=\"1024\" height=\"439\" src=\"https:\/\/humanrights.fede.education\/wp-content\/uploads\/2025\/04\/Projet-25-KEDI-Categorie-B_video-1024x439.jpg\" alt=\"\" class=\"wp-image-2360\" srcset=\"https:\/\/humanrights.fede.education\/wp-content\/uploads\/2025\/04\/Projet-25-KEDI-Categorie-B_video-1024x439.jpg 1024w, https:\/\/humanrights.fede.education\/wp-content\/uploads\/2025\/04\/Projet-25-KEDI-Categorie-B_video-300x129.jpg 300w, https:\/\/humanrights.fede.education\/wp-content\/uploads\/2025\/04\/Projet-25-KEDI-Categorie-B_video-768x329.jpg 768w, https:\/\/humanrights.fede.education\/wp-content\/uploads\/2025\/04\/Projet-25-KEDI-Categorie-B_video-18x8.jpg 18w, https:\/\/humanrights.fede.education\/wp-content\/uploads\/2025\/04\/Projet-25-KEDI-Categorie-B_video.jpg 1154w\" sizes=\"auto, (max-width: 1024px) 100vw, 1024px\" \/><\/a><\/figure>\n\n\n      \n\t\t\t<div class=\"uagb-icon-wrapper uagb-block-1590daa0\"\n\t\t\tstyle=\"\" >\n\t\t\t\t\t\t\t\t\t<span class=\"uagb-svg-wrapper\" \n\t\t\t\t\t aria-label=\"circle-play\"\t\t\t\t\ttabindex=\"0\">\t\t\n\t\t\t\t\t\t\t\t\t\t<a rel=\"noopener noreferrer\" href=\"https:\/\/cdefede.sharepoint.com\/:v:\/s\/CommunicationPdagogie\/EcKgT4HF_ihGjhdPC3JgnNQB09zvpKvEDF-DbVBfatQqVA?e=nTMrjo\" target=\"_blank\"><svg xmlns=\"https:\/\/www.w3.org\/2000\/svg\" viewbox= \"0 0 512 512\" role=\"graphics-symbol\" aria-hidden=\"false\" aria-label=\"\"><path d=\"M512 256C512 397.4 397.4 512 256 512C114.6 512 0 397.4 0 256C0 114.6 114.6 0 256 0C397.4 0 512 114.6 512 256zM176 168V344C176 352.7 180.7 360.7 188.3 364.9C195.8 369.2 205.1 369 212.5 364.5L356.5 276.5C363.6 272.1 368 264.4 368 256C368 247.6 363.6 239.9 356.5 235.5L212.5 147.5C205.1 142.1 195.8 142.8 188.3 147.1C180.7 151.3 176 159.3 176 168V168z\"><\/path><\/svg><\/a>\n\t\t\t\t\t\t\t\t\t<\/span>\n\t\t\t\t\t\t\t<\/div>\n\t\t\t<\/div>\n<\/div>\n\n\n\n<hr class=\"wp-block-separator has-alpha-channel-opacity is-style-wide\"\/>\n\n\n\n<div class=\"wp-block-columns is-layout-flex wp-container-core-columns-is-layout-28f84493 wp-block-columns-is-layout-flex\">\n<div class=\"wp-block-column is-vertically-aligned-center is-layout-flow wp-block-column-is-layout-flow\" style=\"border-style:none;border-width:0px\">\n<figure class=\"wp-block-image size-full is-resized\"><img loading=\"lazy\" decoding=\"async\" width=\"1182\" height=\"512\" src=\"https:\/\/humanrights.fede.education\/wp-content\/uploads\/2025\/04\/LOGO-ESC-DES-3FRONTIERES.png\" alt=\"\" class=\"wp-image-2340\" style=\"width:259px;height:auto\" srcset=\"https:\/\/humanrights.fede.education\/wp-content\/uploads\/2025\/04\/LOGO-ESC-DES-3FRONTIERES.png 1182w, https:\/\/humanrights.fede.education\/wp-content\/uploads\/2025\/04\/LOGO-ESC-DES-3FRONTIERES-300x130.png 300w, https:\/\/humanrights.fede.education\/wp-content\/uploads\/2025\/04\/LOGO-ESC-DES-3FRONTIERES-1024x444.png 1024w, https:\/\/humanrights.fede.education\/wp-content\/uploads\/2025\/04\/LOGO-ESC-DES-3FRONTIERES-768x333.png 768w, https:\/\/humanrights.fede.education\/wp-content\/uploads\/2025\/04\/LOGO-ESC-DES-3FRONTIERES-18x8.png 18w\" sizes=\"auto, (max-width: 1182px) 100vw, 1182px\" \/><\/figure>\n\n\n\n<p class=\"has-text-align-left\"><br><a href=\"https:\/\/esc-3frontieres.fr\/\" data-type=\"link\" data-id=\"https:\/\/esc-3frontieres.fr\/\" target=\"_blank\" rel=\"noreferrer noopener\">https:\/\/esc-3frontieres.fr\/<\/a><\/p>\n<\/div>\n\n\n\n<div class=\"wp-block-column is-vertically-aligned-center is-layout-flow wp-block-column-is-layout-flow\" style=\"border-style:none;border-width:0px\">\n<p><strong>2025 - 3rd Prize Category B <\/strong>:&nbsp;<\/p>\n\n\n\n<p><br>ESC 3 Fronti\u00e8res &#8211; France<\/p>\n\n\n\n<p><a href=\"http:\/\/fdm-businessschool.fr\/\"><\/a><a href=\"http:\/\/fdm-businessschool.fr\/\"><\/a><br><em>Student mental health<\/em> Video testimonials, comic book and survey on student mental health<\/p>\n<\/div>\n\n\n\n<div class=\"wp-block-column is-vertically-aligned-center is-layout-flow wp-block-column-is-layout-flow\" style=\"border-style:none;border-width:0px\">\n<figure class=\"wp-block-image size-full is-resized\"><a href=\"https:\/\/cdefede.sharepoint.com\/:b:\/s\/CommunicationPdagogie\/ETvwq9AIhGhGvpT4mFE2TFoBSGb8Xwe8lgVMz6ko8ifSTg?e=qMxhge\" target=\"_blank\" rel=\" noreferrer noopener\"><img loading=\"lazy\" decoding=\"async\" width=\"623\" height=\"910\" src=\"https:\/\/humanrights.fede.education\/wp-content\/uploads\/2025\/04\/Projet-17-ESC-3-frontieres-Categorie-B_BD-sante_mentale.jpg\" alt=\"\" class=\"wp-image-2353\" style=\"width:208px;height:auto\" srcset=\"https:\/\/humanrights.fede.education\/wp-content\/uploads\/2025\/04\/Projet-17-ESC-3-frontieres-Categorie-B_BD-sante_mentale.jpg 623w, https:\/\/humanrights.fede.education\/wp-content\/uploads\/2025\/04\/Projet-17-ESC-3-frontieres-Categorie-B_BD-sante_mentale-205x300.jpg 205w, https:\/\/humanrights.fede.education\/wp-content\/uploads\/2025\/04\/Projet-17-ESC-3-frontieres-Categorie-B_BD-sante_mentale-8x12.jpg 8w\" sizes=\"auto, (max-width: 623px) 100vw, 623px\" \/><\/a><\/figure>\n<\/div>\n<\/div>\n\n\n\n<div class=\"wp-block-columns is-layout-flex wp-container-core-columns-is-layout-28f84493 wp-block-columns-is-layout-flex\">\n<div class=\"wp-block-column is-vertically-aligned-center is-layout-flow wp-block-column-is-layout-flow\">\n<figure class=\"wp-block-image alignleft size-full is-resized\"><a href=\"https:\/\/cdefede.sharepoint.com\/:b:\/s\/CommunicationPdagogie\/EShOMNk1v_RLjf_HR3CnITkBeDomJTwmxenIAt-REfUDaw?e=fDCM45\" target=\"_blank\" rel=\" noreferrer noopener\"><img loading=\"lazy\" decoding=\"async\" width=\"546\" height=\"259\" src=\"https:\/\/humanrights.fede.education\/wp-content\/uploads\/2025\/04\/esC-2.png\" alt=\"\" class=\"wp-image-2372\" style=\"width:344px;height:auto\" srcset=\"https:\/\/humanrights.fede.education\/wp-content\/uploads\/2025\/04\/esC-2.png 546w, https:\/\/humanrights.fede.education\/wp-content\/uploads\/2025\/04\/esC-2-300x142.png 300w, https:\/\/humanrights.fede.education\/wp-content\/uploads\/2025\/04\/esC-2-18x9.png 18w\" sizes=\"auto, (max-width: 546px) 100vw, 546px\" \/><\/a><\/figure>\n<\/div>\n\n\n\n<div class=\"wp-block-column is-layout-flow wp-block-column-is-layout-flow\">\n<figure class=\"wp-block-image size-large is-resized\"><a href=\"https:\/\/cdefede.sharepoint.com\/:v:\/s\/CommunicationPdagogie\/EUzz_8GLPO1At0dmyg40iUwBS2fov96-1b2dpmyqnyRKUg?e=AJlkY8\"><img loading=\"lazy\" decoding=\"async\" width=\"1024\" height=\"529\" src=\"https:\/\/humanrights.fede.education\/wp-content\/uploads\/2025\/04\/Capture-decran-2025-04-03-214222-1024x529.png\" alt=\"\" class=\"wp-image-2373\" style=\"width:399px;height:auto\" srcset=\"https:\/\/humanrights.fede.education\/wp-content\/uploads\/2025\/04\/Capture-decran-2025-04-03-214222-1024x529.png 1024w, https:\/\/humanrights.fede.education\/wp-content\/uploads\/2025\/04\/Capture-decran-2025-04-03-214222-300x155.png 300w, https:\/\/humanrights.fede.education\/wp-content\/uploads\/2025\/04\/Capture-decran-2025-04-03-214222-768x396.png 768w, https:\/\/humanrights.fede.education\/wp-content\/uploads\/2025\/04\/Capture-decran-2025-04-03-214222-1536x793.png 1536w, https:\/\/humanrights.fede.education\/wp-content\/uploads\/2025\/04\/Capture-decran-2025-04-03-214222-18x9.png 18w, https:\/\/humanrights.fede.education\/wp-content\/uploads\/2025\/04\/Capture-decran-2025-04-03-214222.png 1914w\" sizes=\"auto, (max-width: 1024px) 100vw, 1024px\" \/><\/a><\/figure>\n\n\n      \n\t\t\t<div class=\"uagb-icon-wrapper uagb-block-98dd4280\"\n\t\t\tstyle=\"\" >\n\t\t\t\t\t\t\t\t\t<span class=\"uagb-svg-wrapper\" \n\t\t\t\t\t aria-label=\"circle-play\"\t\t\t\t\ttabindex=\"0\">\t\t\n\t\t\t\t\t\t\t\t\t\t<a rel=\"noopener noreferrer\" href=\"https:\/\/cdefede.sharepoint.com\/:v:\/s\/CommunicationPdagogie\/EUzz_8GLPO1At0dmyg40iUwBS2fov96-1b2dpmyqnyRKUg?e=AJlkY8\" target=\"_blank\"><svg xmlns=\"https:\/\/www.w3.org\/2000\/svg\" viewbox= \"0 0 512 512\" role=\"graphics-symbol\" aria-hidden=\"false\" aria-label=\"\"><path d=\"M512 256C512 397.4 397.4 512 256 512C114.6 512 0 397.4 0 256C0 114.6 114.6 0 256 0C397.4 0 512 114.6 512 256zM176 168V344C176 352.7 180.7 360.7 188.3 364.9C195.8 369.2 205.1 369 212.5 364.5L356.5 276.5C363.6 272.1 368 264.4 368 256C368 247.6 363.6 239.9 356.5 235.5L212.5 147.5C205.1 142.1 195.8 142.8 188.3 147.1C180.7 151.3 176 159.3 176 168V168z\"><\/path><\/svg><\/a>\n\t\t\t\t\t\t\t\t\t<\/span>\n\t\t\t\t\t\t\t<\/div>\n\t\t\t<\/div>\n\n\n\n<div class=\"wp-block-column is-layout-flow wp-block-column-is-layout-flow\">\n<figure class=\"wp-block-image size-large is-resized\"><a href=\"https:\/\/cdefede.sharepoint.com\/:b:\/s\/CommunicationPdagogie\/EUmY3d0qUIBJqMw187HDkncB9MtSRkFgriFzyujlh-O5LQ?e=XzA70V\" target=\"_blank\" rel=\" noreferrer noopener\"><img loading=\"lazy\" decoding=\"async\" width=\"1024\" height=\"568\" src=\"https:\/\/humanrights.fede.education\/wp-content\/uploads\/2025\/04\/Capture-decran-2025-04-03-214424-1024x568.png\" alt=\"\" class=\"wp-image-2375\" style=\"width:350px;height:auto\" srcset=\"https:\/\/humanrights.fede.education\/wp-content\/uploads\/2025\/04\/Capture-decran-2025-04-03-214424-1024x568.png 1024w, https:\/\/humanrights.fede.education\/wp-content\/uploads\/2025\/04\/Capture-decran-2025-04-03-214424-300x167.png 300w, https:\/\/humanrights.fede.education\/wp-content\/uploads\/2025\/04\/Capture-decran-2025-04-03-214424-768x426.png 768w, https:\/\/humanrights.fede.education\/wp-content\/uploads\/2025\/04\/Capture-decran-2025-04-03-214424-18x10.png 18w, https:\/\/humanrights.fede.education\/wp-content\/uploads\/2025\/04\/Capture-decran-2025-04-03-214424.png 1324w\" sizes=\"auto, (max-width: 1024px) 100vw, 1024px\" \/><\/a><\/figure>\n<\/div>\n<\/div>\n\n\n\n<hr class=\"wp-block-separator has-alpha-channel-opacity is-style-wide\"\/>\n\n\n\n<div class=\"wp-block-columns is-layout-flex wp-container-core-columns-is-layout-28f84493 wp-block-columns-is-layout-flex\">\n<div class=\"wp-block-column is-vertically-aligned-center is-layout-flow wp-block-column-is-layout-flow\" style=\"border-style:none;border-width:0px\">\n<figure class=\"wp-block-image size-full is-resized\"><img loading=\"lazy\" decoding=\"async\" width=\"2000\" height=\"849\" src=\"https:\/\/humanrights.fede.education\/wp-content\/uploads\/2024\/11\/Logo-CMH.jpg\" alt=\"\" class=\"wp-image-2065\" style=\"width:328px;height:auto\" srcset=\"https:\/\/humanrights.fede.education\/wp-content\/uploads\/2024\/11\/Logo-CMH.jpg 2000w, https:\/\/humanrights.fede.education\/wp-content\/uploads\/2024\/11\/Logo-CMH-300x127.jpg 300w, https:\/\/humanrights.fede.education\/wp-content\/uploads\/2024\/11\/Logo-CMH-1024x435.jpg 1024w, https:\/\/humanrights.fede.education\/wp-content\/uploads\/2024\/11\/Logo-CMH-768x326.jpg 768w, https:\/\/humanrights.fede.education\/wp-content\/uploads\/2024\/11\/Logo-CMH-1536x652.jpg 1536w, https:\/\/humanrights.fede.education\/wp-content\/uploads\/2024\/11\/Logo-CMH-18x8.jpg 18w\" sizes=\"auto, (max-width: 2000px) 100vw, 2000px\" \/><\/figure>\n\n\n\n<p class=\"has-text-align-left\"><br><a href=\"https:\/\/cmh-academy.com\/campus-lyon\/\" data-type=\"link\" data-id=\"https:\/\/www.kedi-formation.fr\/\" target=\"_blank\" rel=\"noreferrer noopener\">https:\/\/cmh-academy.com\/<\/a><\/p>\n<\/div>\n\n\n\n<div class=\"wp-block-column is-vertically-aligned-center is-layout-flow wp-block-column-is-layout-flow\" style=\"border-style:none;border-width:0px\">\n<p><strong>2025 - 3rd Prize ex aequo<\/strong> <strong>Category B<\/strong><\/p>\n\n\n\n<p><br>CMH Lyon \u2013 France <br><\/p>\n\n\n\n<p><em>Whispers at the end of the shift<\/em> Podcast on psychosocial risks in the hotel and catering industry&nbsp;<\/p>\n<\/div>\n\n\n\n<div class=\"wp-block-column is-vertically-aligned-center is-layout-flow wp-block-column-is-layout-flow\">\n<figure class=\"wp-block-image size-full is-resized\"><a href=\"https:\/\/cdefede.sharepoint.com\/:u:\/s\/CommunicationPdagogie\/EeSNCPxaT1lBmNfsreimjW4B7p9RrsgESkHNbiCBWjx-vg?e=n6JGMO\" target=\"_blank\" rel=\" noreferrer noopener\"><img loading=\"lazy\" decoding=\"async\" width=\"707\" height=\"853\" src=\"https:\/\/humanrights.fede.education\/wp-content\/uploads\/2025\/04\/Projet-21-CMH-Lyon-Categorie-B_Podcast.jpg\" alt=\"\" class=\"wp-image-2356\" style=\"width:224px;height:auto\" srcset=\"https:\/\/humanrights.fede.education\/wp-content\/uploads\/2025\/04\/Projet-21-CMH-Lyon-Categorie-B_Podcast.jpg 707w, https:\/\/humanrights.fede.education\/wp-content\/uploads\/2025\/04\/Projet-21-CMH-Lyon-Categorie-B_Podcast-249x300.jpg 249w, https:\/\/humanrights.fede.education\/wp-content\/uploads\/2025\/04\/Projet-21-CMH-Lyon-Categorie-B_Podcast-10x12.jpg 10w\" sizes=\"auto, (max-width: 707px) 100vw, 707px\" \/><\/a><\/figure>\n<\/div>\n<\/div>\n\n\n\n<hr class=\"wp-block-separator has-alpha-channel-opacity is-style-wide\"\/>\n\n\n\n<div class=\"wp-block-columns is-layout-flex wp-container-core-columns-is-layout-28f84493 wp-block-columns-is-layout-flex\">\n<div class=\"wp-block-column is-vertically-aligned-center is-layout-flow wp-block-column-is-layout-flow\" style=\"border-style:none;border-width:0px\">\n<figure class=\"wp-block-image size-full is-resized\"><img loading=\"lazy\" decoding=\"async\" width=\"1182\" height=\"512\" src=\"https:\/\/humanrights.fede.education\/wp-content\/uploads\/2025\/04\/LOGO-ESC-DES-3FRONTIERES.png\" alt=\"\" class=\"wp-image-2340\" style=\"width:307px;height:auto\" srcset=\"https:\/\/humanrights.fede.education\/wp-content\/uploads\/2025\/04\/LOGO-ESC-DES-3FRONTIERES.png 1182w, https:\/\/humanrights.fede.education\/wp-content\/uploads\/2025\/04\/LOGO-ESC-DES-3FRONTIERES-300x130.png 300w, https:\/\/humanrights.fede.education\/wp-content\/uploads\/2025\/04\/LOGO-ESC-DES-3FRONTIERES-1024x444.png 1024w, https:\/\/humanrights.fede.education\/wp-content\/uploads\/2025\/04\/LOGO-ESC-DES-3FRONTIERES-768x333.png 768w, https:\/\/humanrights.fede.education\/wp-content\/uploads\/2025\/04\/LOGO-ESC-DES-3FRONTIERES-18x8.png 18w\" sizes=\"auto, (max-width: 1182px) 100vw, 1182px\" \/><\/figure>\n\n\n\n<p class=\"has-text-align-left\"><br><a href=\"https:\/\/esc-3frontieres.fr\/\" data-type=\"link\" data-id=\"https:\/\/www.kedi-formation.fr\/\" target=\"_blank\" rel=\"noreferrer noopener\">https:\/\/esc-3frontieres.fr\/<\/a><\/p>\n<\/div>\n\n\n\n<div class=\"wp-block-column is-vertically-aligned-center is-layout-flow wp-block-column-is-layout-flow\" style=\"border-style:none;border-width:0px\">\n<p><strong>2025 - 5th Prize ex aequo<\/strong> <strong>Category B<\/strong><\/p>\n\n\n\n<p><br>ESC 3 Fronti\u00e8res \u2013 France <br><\/p>\n\n\n\n<p><em>What if it was you?<\/em> Short film on social inequality and discrimination<\/p>\n<\/div>\n\n\n\n<div class=\"wp-block-column is-vertically-aligned-center is-layout-flow wp-block-column-is-layout-flow\">\n<figure class=\"wp-block-image size-full is-resized\"><a href=\"https:\/\/cdefede.sharepoint.com\/:v:\/s\/CommunicationPdagogie\/EUlhJBITBz5Eodu5Na3a_JABWXexUSR__Fc0op5T942VlQ?e=NdQu6D\"><img loading=\"lazy\" decoding=\"async\" width=\"1064\" height=\"590\" src=\"https:\/\/humanrights.fede.education\/wp-content\/uploads\/2025\/04\/Projet-18-ESC-3-frontieres-Categorie-B_Court-metrage.jpg\" alt=\"\" class=\"wp-image-2354\" style=\"width:337px;height:auto\" srcset=\"https:\/\/humanrights.fede.education\/wp-content\/uploads\/2025\/04\/Projet-18-ESC-3-frontieres-Categorie-B_Court-metrage.jpg 1064w, https:\/\/humanrights.fede.education\/wp-content\/uploads\/2025\/04\/Projet-18-ESC-3-frontieres-Categorie-B_Court-metrage-300x166.jpg 300w, https:\/\/humanrights.fede.education\/wp-content\/uploads\/2025\/04\/Projet-18-ESC-3-frontieres-Categorie-B_Court-metrage-1024x568.jpg 1024w, https:\/\/humanrights.fede.education\/wp-content\/uploads\/2025\/04\/Projet-18-ESC-3-frontieres-Categorie-B_Court-metrage-768x426.jpg 768w, https:\/\/humanrights.fede.education\/wp-content\/uploads\/2025\/04\/Projet-18-ESC-3-frontieres-Categorie-B_Court-metrage-18x10.jpg 18w\" sizes=\"auto, (max-width: 1064px) 100vw, 1064px\" \/><\/a><\/figure>\n\n\n      \n\t\t\t<div class=\"uagb-icon-wrapper uagb-block-ea3b28ef\"\n\t\t\tstyle=\"\" >\n\t\t\t\t\t\t\t\t\t<span class=\"uagb-svg-wrapper\" \n\t\t\t\t\t aria-label=\"circle-play\"\t\t\t\t\ttabindex=\"0\">\t\t\n\t\t\t\t\t\t\t\t\t\t<a rel=\"noopener noreferrer\" href=\"https:\/\/cdefede.sharepoint.com\/:v:\/s\/CommunicationPdagogie\/EUlhJBITBz5Eodu5Na3a_JABWXexUSR__Fc0op5T942VlQ?e=NdQu6D\" target=\"_blank\"><svg xmlns=\"https:\/\/www.w3.org\/2000\/svg\" viewbox= \"0 0 512 512\" role=\"graphics-symbol\" aria-hidden=\"false\" aria-label=\"\"><path d=\"M512 256C512 397.4 397.4 512 256 512C114.6 512 0 397.4 0 256C0 114.6 114.6 0 256 0C397.4 0 512 114.6 512 256zM176 168V344C176 352.7 180.7 360.7 188.3 364.9C195.8 369.2 205.1 369 212.5 364.5L356.5 276.5C363.6 272.1 368 264.4 368 256C368 247.6 363.6 239.9 356.5 235.5L212.5 147.5C205.1 142.1 195.8 142.8 188.3 147.1C180.7 151.3 176 159.3 176 168V168z\"><\/path><\/svg><\/a>\n\t\t\t\t\t\t\t\t\t<\/span>\n\t\t\t\t\t\t\t<\/div>\n\t\t\t<\/div>\n<\/div>\n\n\n\n<hr class=\"wp-block-separator has-alpha-channel-opacity is-style-wide\"\/>\n\n\n\n<div class=\"wp-block-columns is-layout-flex wp-container-core-columns-is-layout-ec2e7a44 wp-block-columns-is-layout-flex\" style=\"padding-top:0;padding-bottom:0\">\n<div class=\"wp-block-column is-vertically-aligned-center is-layout-flow wp-block-column-is-layout-flow\" style=\"border-style:none;border-width:0px\">\n<figure class=\"wp-block-image size-full is-resized\"><img loading=\"lazy\" decoding=\"async\" width=\"424\" height=\"238\" src=\"https:\/\/humanrights.fede.education\/wp-content\/uploads\/2025\/04\/LOGO_ETS.png\" alt=\"\" class=\"wp-image-2344\" style=\"width:292px;height:auto\" srcset=\"https:\/\/humanrights.fede.education\/wp-content\/uploads\/2025\/04\/LOGO_ETS.png 424w, https:\/\/humanrights.fede.education\/wp-content\/uploads\/2025\/04\/LOGO_ETS-300x168.png 300w, https:\/\/humanrights.fede.education\/wp-content\/uploads\/2025\/04\/LOGO_ETS-18x10.png 18w\" sizes=\"auto, (max-width: 424px) 100vw, 424px\" \/><\/figure>\n\n\n\n<p class=\"has-text-align-left\"><br><a href=\"http:\/\/need-tours.com\/\" data-type=\"link\" data-id=\"https:\/\/www.kedi-formation.fr\/\" target=\"_blank\" rel=\"noreferrer noopener\">http:\/\/need-tours.com\/<\/a><\/p>\n<\/div>\n\n\n\n<div class=\"wp-block-column is-vertically-aligned-center is-layout-flow wp-block-column-is-layout-flow\" style=\"border-style:none;border-width:0px\">\n<p><strong>2025 - 5th Prize ex aequo<\/strong> <strong>Category B<\/strong><\/p>\n\n\n\n<p><br>ETS Tours \u2013 France <br><\/p>\n\n\n\n<p>Film presenting the issue of educational continuity in all circumstances, including armed conflict (Ukraine)<\/p>\n<\/div>\n\n\n\n<div class=\"wp-block-column is-vertically-aligned-center is-layout-flow wp-block-column-is-layout-flow\">\n<figure class=\"wp-block-image aligncenter size-full is-resized\"><a href=\"https:\/\/cdefede.sharepoint.com\/:v:\/s\/CommunicationPdagogie\/EWcRYNt2E_hHu8dzKeLdTJcB8NmLmfco-3SXBB3J-jGXcA?e=d6RZMd\" target=\"_blank\" rel=\" noreferrer noopener\"><img loading=\"lazy\" decoding=\"async\" width=\"337\" height=\"541\" src=\"https:\/\/humanrights.fede.education\/wp-content\/uploads\/2025\/04\/Projet-28-ETS-Tours-Categorie-B_Film.jpg\" alt=\"\" class=\"wp-image-2363\" style=\"width:217px;height:auto\" srcset=\"https:\/\/humanrights.fede.education\/wp-content\/uploads\/2025\/04\/Projet-28-ETS-Tours-Categorie-B_Film.jpg 337w, https:\/\/humanrights.fede.education\/wp-content\/uploads\/2025\/04\/Projet-28-ETS-Tours-Categorie-B_Film-187x300.jpg 187w, https:\/\/humanrights.fede.education\/wp-content\/uploads\/2025\/04\/Projet-28-ETS-Tours-Categorie-B_Film-7x12.jpg 7w\" sizes=\"auto, (max-width: 337px) 100vw, 337px\" \/><\/a><\/figure>\n<\/div>\n<\/div>\n\n\n\n<hr class=\"wp-block-separator has-alpha-channel-opacity is-style-wide\"\/>\n\n\n\n<div class=\"wp-block-columns is-layout-flex wp-container-core-columns-is-layout-ec2e7a44 wp-block-columns-is-layout-flex\" style=\"padding-top:0;padding-bottom:0\">\n<div class=\"wp-block-column is-vertically-aligned-center is-layout-flow wp-block-column-is-layout-flow\" style=\"border-style:none;border-width:0px\">\n<figure class=\"wp-block-image size-full is-resized\"><img loading=\"lazy\" decoding=\"async\" width=\"150\" height=\"112\" src=\"https:\/\/humanrights.fede.education\/wp-content\/uploads\/2025\/04\/ECOSTIG-LOGO.png\" alt=\"\" class=\"wp-image-2345\" style=\"width:212px;height:auto\" srcset=\"https:\/\/humanrights.fede.education\/wp-content\/uploads\/2025\/04\/ECOSTIG-LOGO.png 150w, https:\/\/humanrights.fede.education\/wp-content\/uploads\/2025\/04\/ECOSTIG-LOGO-16x12.png 16w\" sizes=\"auto, (max-width: 150px) 100vw, 150px\" \/><\/figure>\n\n\n\n<p class=\"has-text-align-left\"><a href=\"https:\/\/www.ecostig.com\/\" target=\"_blank\" rel=\"noreferrer noopener\">https:\/\/www.ecostig.com\/<\/a><\/p>\n<\/div>\n\n\n\n<div class=\"wp-block-column is-vertically-aligned-center is-layout-flow wp-block-column-is-layout-flow\" style=\"border-style:none;border-width:0px\">\n<p><strong>2025 - 7th Prize <\/strong><strong>Category B<\/strong><\/p>\n\n\n\n<p><br>ECOSTIG - Morocco<br><\/p>\n\n\n\n<p><em>EDUSAFE :<\/em> Digital citizenship education website<\/p>\n<\/div>\n\n\n\n<div class=\"wp-block-column is-vertically-aligned-center is-layout-flow wp-block-column-is-layout-flow\">\n<figure class=\"wp-block-image size-full is-resized\"><a href=\"https:\/\/cdefede.sharepoint.com\/:b:\/s\/CommunicationPdagogie\/ERHrdnqZmqxMpY59sCeCvtcBvhk_2kdvjVHX3dY3erl8tQ?e=3EGvUi\" target=\"_blank\" rel=\" noreferrer noopener\"><img loading=\"lazy\" decoding=\"async\" width=\"533\" height=\"339\" src=\"https:\/\/humanrights.fede.education\/wp-content\/uploads\/2025\/04\/Capture-decran-2025-04-03-220326.png\" alt=\"\" class=\"wp-image-2377\" style=\"width:308px;height:auto\" srcset=\"https:\/\/humanrights.fede.education\/wp-content\/uploads\/2025\/04\/Capture-decran-2025-04-03-220326.png 533w, https:\/\/humanrights.fede.education\/wp-content\/uploads\/2025\/04\/Capture-decran-2025-04-03-220326-300x191.png 300w, https:\/\/humanrights.fede.education\/wp-content\/uploads\/2025\/04\/Capture-decran-2025-04-03-220326-18x12.png 18w\" sizes=\"auto, (max-width: 533px) 100vw, 533px\" \/><\/a><\/figure>\n<\/div>\n<\/div>\n\n\n\n<hr class=\"wp-block-separator has-alpha-channel-opacity is-style-wide\"\/>\n\n\n\n<div class=\"wp-block-columns is-layout-flex wp-container-core-columns-is-layout-ec2e7a44 wp-block-columns-is-layout-flex\" style=\"padding-top:0;padding-bottom:0\">\n<div class=\"wp-block-column is-vertically-aligned-center is-layout-flow wp-block-column-is-layout-flow\" style=\"border-style:none;border-width:0px\">\n<figure class=\"wp-block-image size-full is-resized\"><img loading=\"lazy\" decoding=\"async\" width=\"424\" height=\"238\" src=\"https:\/\/humanrights.fede.education\/wp-content\/uploads\/2025\/04\/supecolidaire-LOGO.png\" alt=\"\" class=\"wp-image-2337\" style=\"width:280px;height:auto\" srcset=\"https:\/\/humanrights.fede.education\/wp-content\/uploads\/2025\/04\/supecolidaire-LOGO.png 424w, https:\/\/humanrights.fede.education\/wp-content\/uploads\/2025\/04\/supecolidaire-LOGO-300x168.png 300w, https:\/\/humanrights.fede.education\/wp-content\/uploads\/2025\/04\/supecolidaire-LOGO-18x10.png 18w\" sizes=\"auto, (max-width: 424px) 100vw, 424px\" \/><\/figure>\n\n\n\n<p class=\"has-text-align-left\"><a href=\"https:\/\/supecolidaire.com\/\" data-type=\"link\" data-id=\"https:\/\/supecolidaire.com\/\" target=\"_blank\" rel=\"noreferrer noopener\">https:\/\/supecolidaire.com\/<\/a><\/p>\n<\/div>\n\n\n\n<div class=\"wp-block-column is-vertically-aligned-center is-layout-flow wp-block-column-is-layout-flow\" style=\"border-style:none;border-width:0px\">\n<p><strong>2025 - 8th Prize (ex aequo) <\/strong><strong>Category B<\/strong><\/p>\n\n\n\n<p><br>Sup&rsquo;\u00e9colidaire &#8211; France<br><\/p>\n\n\n\n<p><em>Maore evening :<\/em> Evening debate on 12 April 2025: State, migration and human rights (Mayotte)&nbsp;<\/p>\n<\/div>\n\n\n\n<div class=\"wp-block-column is-vertically-aligned-center is-layout-flow wp-block-column-is-layout-flow\">\n<figure class=\"wp-block-image size-full\"><a href=\"https:\/\/cdefede.sharepoint.com\/:b:\/s\/CommunicationPdagogie\/Eczi4_CPu4lAtEuwVq5JQPQBvAEZ2SBNt6udwcz6K3QQ6g?e=Pwfd23\" target=\"_blank\" rel=\" noreferrer noopener\"><img loading=\"lazy\" decoding=\"async\" width=\"523\" height=\"208\" src=\"https:\/\/humanrights.fede.education\/wp-content\/uploads\/2025\/04\/Capture-decran-2025-04-03-220645.png\" alt=\"\" class=\"wp-image-2378\" srcset=\"https:\/\/humanrights.fede.education\/wp-content\/uploads\/2025\/04\/Capture-decran-2025-04-03-220645.png 523w, https:\/\/humanrights.fede.education\/wp-content\/uploads\/2025\/04\/Capture-decran-2025-04-03-220645-300x119.png 300w, https:\/\/humanrights.fede.education\/wp-content\/uploads\/2025\/04\/Capture-decran-2025-04-03-220645-18x7.png 18w\" sizes=\"auto, (max-width: 523px) 100vw, 523px\" \/><\/a><\/figure>\n<\/div>\n<\/div>\n\n\n\n<hr class=\"wp-block-separator has-alpha-channel-opacity is-style-wide\"\/>\n\n\n\n<div class=\"wp-block-columns is-layout-flex wp-container-core-columns-is-layout-ec2e7a44 wp-block-columns-is-layout-flex\" style=\"padding-top:0;padding-bottom:0\">\n<div class=\"wp-block-column is-vertically-aligned-center is-layout-flow wp-block-column-is-layout-flow\" style=\"border-style:none;border-width:0px\">\n<figure class=\"wp-block-image size-full is-resized\"><img loading=\"lazy\" decoding=\"async\" width=\"2000\" height=\"849\" src=\"https:\/\/humanrights.fede.education\/wp-content\/uploads\/2024\/11\/Logo-CMH.jpg\" alt=\"\" class=\"wp-image-2065\" style=\"width:280px;height:auto\" srcset=\"https:\/\/humanrights.fede.education\/wp-content\/uploads\/2024\/11\/Logo-CMH.jpg 2000w, https:\/\/humanrights.fede.education\/wp-content\/uploads\/2024\/11\/Logo-CMH-300x127.jpg 300w, https:\/\/humanrights.fede.education\/wp-content\/uploads\/2024\/11\/Logo-CMH-1024x435.jpg 1024w, https:\/\/humanrights.fede.education\/wp-content\/uploads\/2024\/11\/Logo-CMH-768x326.jpg 768w, https:\/\/humanrights.fede.education\/wp-content\/uploads\/2024\/11\/Logo-CMH-1536x652.jpg 1536w, https:\/\/humanrights.fede.education\/wp-content\/uploads\/2024\/11\/Logo-CMH-18x8.jpg 18w\" sizes=\"auto, (max-width: 2000px) 100vw, 2000px\" \/><\/figure>\n\n\n\n<p class=\"has-text-align-left\"><a href=\"https:\/\/cmh-academy.com\/campus-annecy\/\" data-type=\"link\" data-id=\"https:\/\/cmh-academy.com\/campus-annecy\/\" target=\"_blank\" rel=\"noreferrer noopener\">https:\/\/cmh-academy.com\/<\/a><\/p>\n<\/div>\n\n\n\n<div class=\"wp-block-column is-vertically-aligned-center is-layout-flow wp-block-column-is-layout-flow\" style=\"border-style:none;border-width:0px\">\n<p><strong>2025 - 8th Prize (ex aequo) <\/strong><strong>Category B<\/strong><\/p>\n\n\n\n<p><br>CMH Annecy &#8211; France<br><\/p>\n\n\n\n<p><em>A harassment-free work placement. It's a right, not an option:<\/em> Survey and poster on workplace harassment<\/p>\n<\/div>\n\n\n\n<div class=\"wp-block-column is-vertically-aligned-center is-layout-flow wp-block-column-is-layout-flow\">\n<figure class=\"wp-block-image size-full\"><a href=\"https:\/\/cdefede.sharepoint.com\/:b:\/s\/CommunicationPdagogie\/ERr6p_LYAwlGl5dXT2v7kLABHxDpVHLeQAIPNrlC47nsWA?e=3JQASs\" target=\"_blank\" rel=\" noreferrer noopener\"><img loading=\"lazy\" decoding=\"async\" width=\"537\" height=\"392\" src=\"https:\/\/humanrights.fede.education\/wp-content\/uploads\/2025\/04\/Capture-decran-2025-04-03-221124.png\" alt=\"\" class=\"wp-image-2379\" srcset=\"https:\/\/humanrights.fede.education\/wp-content\/uploads\/2025\/04\/Capture-decran-2025-04-03-221124.png 537w, https:\/\/humanrights.fede.education\/wp-content\/uploads\/2025\/04\/Capture-decran-2025-04-03-221124-300x219.png 300w, https:\/\/humanrights.fede.education\/wp-content\/uploads\/2025\/04\/Capture-decran-2025-04-03-221124-16x12.png 16w\" sizes=\"auto, (max-width: 537px) 100vw, 537px\" \/><\/a><\/figure>\n<\/div>\n<\/div>\n\n\n\n<hr class=\"wp-block-separator has-alpha-channel-opacity is-style-wide\"\/>\n\n\n\n<div class=\"wp-block-columns is-layout-flex wp-container-core-columns-is-layout-ec2e7a44 wp-block-columns-is-layout-flex\" style=\"padding-top:0;padding-bottom:0\">\n<div class=\"wp-block-column is-vertically-aligned-center is-layout-flow wp-block-column-is-layout-flow\" style=\"border-style:none;border-width:0px\">\n<figure class=\"wp-block-image size-full is-resized\"><img loading=\"lazy\" decoding=\"async\" width=\"2000\" height=\"849\" src=\"https:\/\/humanrights.fede.education\/wp-content\/uploads\/2024\/11\/Logo-CMH.jpg\" alt=\"\" class=\"wp-image-2065\" style=\"width:280px;height:auto\" srcset=\"https:\/\/humanrights.fede.education\/wp-content\/uploads\/2024\/11\/Logo-CMH.jpg 2000w, https:\/\/humanrights.fede.education\/wp-content\/uploads\/2024\/11\/Logo-CMH-300x127.jpg 300w, https:\/\/humanrights.fede.education\/wp-content\/uploads\/2024\/11\/Logo-CMH-1024x435.jpg 1024w, https:\/\/humanrights.fede.education\/wp-content\/uploads\/2024\/11\/Logo-CMH-768x326.jpg 768w, https:\/\/humanrights.fede.education\/wp-content\/uploads\/2024\/11\/Logo-CMH-1536x652.jpg 1536w, https:\/\/humanrights.fede.education\/wp-content\/uploads\/2024\/11\/Logo-CMH-18x8.jpg 18w\" sizes=\"auto, (max-width: 2000px) 100vw, 2000px\" \/><\/figure>\n\n\n\n<p class=\"has-text-align-left\"><a href=\"https:\/\/cmh-academy.com\/campus-lyon\/\" data-type=\"link\" data-id=\"https:\/\/supecolidaire.com\/\" target=\"_blank\" rel=\"noreferrer noopener\">https:\/\/cmh-academy.com\/<\/a><\/p>\n<\/div>\n\n\n\n<div class=\"wp-block-column is-vertically-aligned-center is-layout-flow wp-block-column-is-layout-flow\" style=\"border-style:none;border-width:0px\">\n<p><strong>2025 - 9th Prize <\/strong><strong>Category B<\/strong><\/p>\n\n\n\n<p><br>CMH Lyon \u2013 France<br><\/p>\n\n\n\n<p><em>Beyond appearances :<\/em> Guide to disability awareness in the hotel and catering industry<\/p>\n<\/div>\n\n\n\n<div class=\"wp-block-column is-vertically-aligned-center is-layout-flow wp-block-column-is-layout-flow\">\n<figure class=\"wp-block-image size-full is-resized\"><a href=\"https:\/\/cdefede.sharepoint.com\/:b:\/s\/CommunicationPdagogie\/EaYTw6PKwLNAil1iVbPIkdIBZmYnsBkSi8Ro4EcVXVLlxw?e=ZRbi7V\" target=\"_blank\" rel=\" noreferrer noopener\"><img loading=\"lazy\" decoding=\"async\" width=\"863\" height=\"861\" src=\"https:\/\/humanrights.fede.education\/wp-content\/uploads\/2025\/04\/Projet-22-CMH-Lyon-Categorie-B.jpg\" alt=\"\" class=\"wp-image-2357\" style=\"width:288px;height:auto\" srcset=\"https:\/\/humanrights.fede.education\/wp-content\/uploads\/2025\/04\/Projet-22-CMH-Lyon-Categorie-B.jpg 863w, https:\/\/humanrights.fede.education\/wp-content\/uploads\/2025\/04\/Projet-22-CMH-Lyon-Categorie-B-300x300.jpg 300w, https:\/\/humanrights.fede.education\/wp-content\/uploads\/2025\/04\/Projet-22-CMH-Lyon-Categorie-B-150x150.jpg 150w, https:\/\/humanrights.fede.education\/wp-content\/uploads\/2025\/04\/Projet-22-CMH-Lyon-Categorie-B-768x766.jpg 768w, https:\/\/humanrights.fede.education\/wp-content\/uploads\/2025\/04\/Projet-22-CMH-Lyon-Categorie-B-12x12.jpg 12w\" sizes=\"auto, (max-width: 863px) 100vw, 863px\" \/><\/a><\/figure>\n<\/div>\n<\/div>\n\n\n\n<hr class=\"wp-block-separator has-alpha-channel-opacity is-style-wide\"\/>\n<\/div><\/div>\n\n\n\n<div class=\"wp-block-uagb-container uagb-block-bcee5608 alignfull uagb-is-root-container\"><div class=\"uagb-container-inner-blocks-wrap\">\n<div class=\"wp-block-uagb-info-box uagb-block-60ebe2d6 uagb-infobox__content-wrap  uagb-infobox-icon-above-title uagb-infobox-image-valign-top\"><div class=\"uagb-ifb-content\"><div class=\"uagb-ifb-title-wrap\"><h2 class=\"uagb-ifb-title\">Members of the jury<\/h2><\/div><\/div><\/div>\n\n\n\n<div class=\"wp-block-uagb-container uagb-layout-grid uagb-block-6ffa4fd2\">\n<div class=\"wp-block-uagb-team uagb-team__image-position-above uagb-team__align-center uagb-team__stack-tablet uagb-block-cedc7ad7\"><div class=\"uagb-team__content\"><img decoding=\"async\" class=\"uagb-team__image-crop-circle\" src=\"http:\/\/humanrights.fede.education\/wp-content\/uploads\/2024\/11\/jeanlouisb.png\" alt=\"\" height=\"270\" width=\"270\" loading=\"lazy\"\/><h5 class=\"uagb-team__title\">Jean Louis Bischoff\u200b<\/h5><span class=\"uagb-team__prefix\">Doctor of Philosophy (HDR), Director of the FEDE Doctoral School<\/span><p class=\"uagb-team__desc\"><\/p><ul class=\"uagb-team__social-list\"><\/ul><\/div><\/div>\n\n\n\n<div class=\"wp-block-uagb-team uagb-team__image-position-above uagb-team__align-center uagb-team__stack-tablet uagb-block-bfe31276\"><div class=\"uagb-team__content\"><img decoding=\"async\" class=\"uagb-team__image-crop-circle\" src=\"http:\/\/humanrights.fede.education\/wp-content\/uploads\/2024\/11\/Blerina-Zoto-foto.jpg\" alt=\"\" height=\"270\" width=\"270\" loading=\"lazy\"\/><h5 class=\"uagb-team__title\">Bl\u00e9rina Zoto<\/h5><span class=\"uagb-team__prefix\">Member of the FEDE Executive Council, Albanian-Swiss diplomat, and advocate for women's rights.<\/span><p class=\"uagb-team__desc\"><\/p><\/div><\/div>\n\n\n\n<div class=\"wp-block-uagb-team uagb-team__image-position-above uagb-team__align-center uagb-team__stack-tablet uagb-block-15ff5cf3\"><div class=\"uagb-team__content\"><img decoding=\"async\" class=\"uagb-team__image-crop-circle\" src=\"http:\/\/humanrights.fede.education\/wp-content\/uploads\/2024\/11\/III_A_1c_Presentation-Abdeslam-BENAHRA-1.jpg\" alt=\"\" height=\"270\" width=\"270\" loading=\"lazy\"\/><h5 class=\"uagb-team__title\">Abdesslam Benahra<\/h5><span class=\"uagb-team__prefix\">Member of the FEDE Committee, Founder of the CESA SUP group<\/span><p class=\"uagb-team__desc\"><\/p><ul class=\"uagb-team__social-list\"><\/ul><\/div><\/div>\n\n\n\n<div class=\"wp-block-uagb-team uagb-team__image-position-above uagb-team__align-center uagb-team__stack-tablet uagb-block-152bd9cb\"><div class=\"uagb-team__content\"><img decoding=\"async\" class=\"uagb-team__image-crop-circle\" src=\"https:\/\/humanrights.fede.education\/wp-content\/uploads\/2025\/04\/JF.png\" alt=\"\" height=\"270\" width=\"270\" loading=\"lazy\"\/><h5 class=\"uagb-team__title\">Jacques Fr\u00e9zal<\/h5><span class=\"uagb-team__prefix\">Member of the FEDE Committee, Director of the Prep'Art school<\/span><p class=\"uagb-team__desc\"><\/p><ul class=\"uagb-team__social-list\"><\/ul><\/div><\/div>\n<\/div>\n<\/div><\/div>","protected":false},"excerpt":{"rendered":"<p>Jury &amp; laur\u00e9ats L\u2019\u00e9dition 2025 du Prix a connu un franc succ\u00e8s avec 36 projets nomin\u00e9s provenant de 13 \u00e9coles membres situ\u00e9es dans 3 pays (France, Maroc et Sao Tom\u00e9 et Principe).&nbsp; Farhang GHASSEMI Fondateur du Prix et ancien membre du Comit\u00e9 de la FEDE Quelques chiffres de l&rsquo;\u00e9dition 2025 Projets laur\u00e9ats &#8211; \u00c9dition 2025 [&hellip;]<\/p>\n","protected":false},"author":3,"featured_media":0,"parent":0,"menu_order":0,"comment_status":"closed","ping_status":"closed","template":"","meta":{"_uag_custom_page_level_css":"","site-sidebar-layout":"no-sidebar","site-content-layout":"plain-container","ast-site-content-layout":"full-width-container","site-content-style":"unboxed","site-sidebar-style":"unboxed","ast-global-header-display":"","ast-banner-title-visibility":"","ast-main-header-display":"","ast-hfb-above-header-display":"","ast-hfb-below-header-display":"","ast-hfb-mobile-header-display":"","site-post-title":"disabled","ast-breadcrumbs-content":"","ast-featured-img":"disabled","footer-sml-layout":"","ast-disable-related-posts":"","theme-transparent-header-meta":"enabled","adv-header-id-meta":"","stick-header-meta":"","header-above-stick-meta":"","header-main-stick-meta":"","header-below-stick-meta":"","astra-migrate-meta-layouts":"set","ast-page-background-enabled":"default","ast-page-background-meta":{"desktop":{"background-color":"","background-image":"","background-repeat":"repeat","background-position":"center center","background-size":"auto","background-attachment":"scroll","background-type":"","background-media":"","overlay-type":"","overlay-color":"","overlay-opacity":"","overlay-gradient":""},"tablet":{"background-color":"","background-image":"","background-repeat":"repeat","background-position":"center center","background-size":"auto","background-attachment":"scroll","background-type":"","background-media":"","overlay-type":"","overlay-color":"","overlay-opacity":"","overlay-gradient":""},"mobile":{"background-color":"","background-image":"","background-repeat":"repeat","background-position":"center center","background-size":"auto","background-attachment":"scroll","background-type":"","background-media":"","overlay-type":"","overlay-color":"","overlay-opacity":"","overlay-gradient":""}},"ast-content-background-meta":{"desktop":{"background-color":"var(--ast-global-color-4)","background-image":"","background-repeat":"repeat","background-position":"center center","background-size":"auto","background-attachment":"scroll","background-type":"","background-media":"","overlay-type":"","overlay-color":"","overlay-opacity":"","overlay-gradient":""},"tablet":{"background-color":"var(--ast-global-color-4)","background-image":"","background-repeat":"repeat","background-position":"center center","background-size":"auto","background-attachment":"scroll","background-type":"","background-media":"","overlay-type":"","overlay-color":"","overlay-opacity":"","overlay-gradient":""},"mobile":{"background-color":"var(--ast-global-color-4)","background-image":"","background-repeat":"repeat","background-position":"center center","background-size":"auto","background-attachment":"scroll","background-type":"","background-media":"","overlay-type":"","overlay-color":"","overlay-opacity":"","overlay-gradient":""}},"footnotes":""},"class_list":["post-517","page","type-page","status-publish","hentry"],"uagb_featured_image_src":{"full":false,"thumbnail":false,"medium":false,"medium_large":false,"large":false,"1536x1536":false,"2048x2048":false,"trp-custom-language-flag":false},"uagb_author_info":{"display_name":"Trang BUI","author_link":"https:\/\/humanrights.fede.education\/en\/author\/tbui\/"},"uagb_comment_info":0,"uagb_excerpt":"Jury &amp; laur\u00e9ats L\u2019\u00e9dition 2025 du Prix a connu un franc succ\u00e8s avec 36 projets nomin\u00e9s provenant de 13 \u00e9coles membres situ\u00e9es dans 3 pays (France, Maroc et Sao Tom\u00e9 et Principe).&nbsp; Farhang GHASSEMI Fondateur du Prix et ancien membre du Comit\u00e9 de la FEDE Quelques chiffres de l&rsquo;\u00e9dition 2025 Projets laur\u00e9ats &#8211; \u00c9dition 2025&hellip;","_links":{"self":[{"href":"https:\/\/humanrights.fede.education\/en\/wp-json\/wp\/v2\/pages\/517","targetHints":{"allow":["GET"]}}],"collection":[{"href":"https:\/\/humanrights.fede.education\/en\/wp-json\/wp\/v2\/pages"}],"about":[{"href":"https:\/\/humanrights.fede.education\/en\/wp-json\/wp\/v2\/types\/page"}],"author":[{"embeddable":true,"href":"https:\/\/humanrights.fede.education\/en\/wp-json\/wp\/v2\/users\/3"}],"replies":[{"embeddable":true,"href":"https:\/\/humanrights.fede.education\/en\/wp-json\/wp\/v2\/comments?post=517"}],"version-history":[{"count":85,"href":"https:\/\/humanrights.fede.education\/en\/wp-json\/wp\/v2\/pages\/517\/revisions"}],"predecessor-version":[{"id":2539,"href":"https:\/\/humanrights.fede.education\/en\/wp-json\/wp\/v2\/pages\/517\/revisions\/2539"}],"wp:attachment":[{"href":"https:\/\/humanrights.fede.education\/en\/wp-json\/wp\/v2\/media?parent=517"}],"curies":[{"name":"wp","href":"https:\/\/api.w.org\/{rel}","templated":true}]}}